{"id":227,"date":"2025-08-21T07:52:34","date_gmt":"2025-08-21T07:52:34","guid":{"rendered":"https:\/\/www.dev1.mevogroup.com\/?page_id=227"},"modified":"2025-08-22T15:20:51","modified_gmt":"2025-08-22T15:20:51","slug":"evenements-de-lannee","status":"publish","type":"page","link":"https:\/\/www.collegejeantabi.org\/fr_fr\/evenements-de-lannee\/","title":{"rendered":"\u00c9v\u00e9nements de l\u2019ann\u00e9e"},"content":{"rendered":"\t\t<div data-elementor-type=\"wp-page\" data-elementor-id=\"227\" class=\"elementor elementor-227\" data-elementor-post-type=\"page\">\n\t\t\t\t<div class=\"elementor-element elementor-element-2e4e763 e-flex e-con-boxed e-con e-parent\" data-id=\"2e4e763\" data-element_type=\"container\" data-settings=\"{&quot;background_background&quot;:&quot;classic&quot;}\">\n\t\t\t\t\t<div class=\"e-con-inner\">\n\t\t<div class=\"elementor-element elementor-element-126bc63 e-flex e-con-boxed e-con e-child\" data-id=\"126bc63\" data-element_type=\"container\">\n\t\t\t\t\t<div class=\"e-con-inner\">\n\t\t\t\t<div class=\"elementor-element elementor-element-0b089f8 elementor-invisible elementor-widget elementor-widget-heading\" data-id=\"0b089f8\" data-element_type=\"widget\" data-settings=\"{&quot;_animation&quot;:&quot;fadeInUp&quot;}\" data-widget_type=\"heading.default\">\n\t\t\t\t<div class=\"elementor-widget-container\">\n\t\t\t\t\t<h1 class=\"elementor-heading-title elementor-size-default\">\u00c9v\u00e9nements du Coll\u00e8ge Jean-Tabi<\/h1>\t\t\t\t<\/div>\n\t\t\t\t<\/div>\n\t\t\t\t<div class=\"elementor-element elementor-element-11f8caf elementor-invisible elementor-widget elementor-widget-heading\" data-id=\"11f8caf\" data-element_type=\"widget\" data-settings=\"{&quot;_animation&quot;:&quot;fadeInUp&quot;,&quot;_animation_delay&quot;:200}\" data-widget_type=\"heading.default\">\n\t\t\t\t<div class=\"elementor-widget-container\">\n\t\t\t\t\t<h4 class=\"elementor-heading-title elementor-size-default\">Retrouvez les \u00e9v\u00e9nements marquants du Coll\u00e8ge Jean-Tabi \u00e0 Yaound\u00e9 : expositions, journ\u00e9es institutionnelles et activit\u00e9s scolaires. Consultez notre agenda.\n<\/h4>\t\t\t\t<\/div>\n\t\t\t\t<\/div>\n\t\t\t\t<div class=\"elementor-element elementor-element-c7b0c1b elementor-align-center elementor-widget elementor-widget-breadcrumbs\" data-id=\"c7b0c1b\" data-element_type=\"widget\" data-widget_type=\"breadcrumbs.default\">\n\t\t\t\t<div class=\"elementor-widget-container\">\n\t\t\t\t\t<nav aria-label=\"breadcrumbs\" class=\"rank-math-breadcrumb\"><p><span class=\"last\">Le coll\u00e8ge<\/span><\/p><\/nav>\t\t\t\t<\/div>\n\t\t\t\t<\/div>\n\t\t\t\t\t<\/div>\n\t\t\t\t<\/div>\n\t\t\t\t\t<\/div>\n\t\t\t\t<\/div>\n\t\t<div class=\"elementor-element elementor-element-afa85e3 e-flex e-con-boxed e-con e-parent\" data-id=\"afa85e3\" data-element_type=\"container\">\n\t\t\t\t\t<div class=\"e-con-inner\">\n\t\t\t\t<div class=\"elementor-element elementor-element-f2b7ca3 elementor-widget elementor-widget-text-editor\" data-id=\"f2b7ca3\" data-element_type=\"widget\" data-widget_type=\"text-editor.default\">\n\t\t\t\t<div class=\"elementor-widget-container\">\n\t\t\t\t\t\t\t\t\t<p>Restez inform\u00e9s des \u00e9v\u00e9nements du Coll\u00e8ge Jean\u2011Tabi : journ\u00e9es p\u00e9dagogiques, rencontres, comp\u00e9titions et activit\u00e9s qui accompagnent l\u2019apprentissage de vos enfants.<\/p>\t\t\t\t\t\t\t\t<\/div>\n\t\t\t\t<\/div>\n\t\t\t\t<div class=\"elementor-element elementor-element-27c419e elementor-grid-3 elementor-grid-tablet-2 elementor-grid-mobile-1 elementor-posts--thumbnail-top elementor-card-shadow-yes elementor-posts__hover-gradient elementor-widget elementor-widget-posts\" data-id=\"27c419e\" data-element_type=\"widget\" data-settings=\"{&quot;cards_columns&quot;:&quot;3&quot;,&quot;cards_columns_tablet&quot;:&quot;2&quot;,&quot;cards_columns_mobile&quot;:&quot;1&quot;,&quot;cards_row_gap&quot;:{&quot;unit&quot;:&quot;px&quot;,&quot;size&quot;:35,&quot;sizes&quot;:[]},&quot;cards_row_gap_tablet&quot;:{&quot;unit&quot;:&quot;px&quot;,&quot;size&quot;:&quot;&quot;,&quot;sizes&quot;:[]},&quot;cards_row_gap_mobile&quot;:{&quot;unit&quot;:&quot;px&quot;,&quot;size&quot;:&quot;&quot;,&quot;sizes&quot;:[]}}\" data-widget_type=\"posts.cards\">\n\t\t\t\t<div class=\"elementor-widget-container\">\n\t\t\t\t\t\t\t<div class=\"elementor-posts-container elementor-posts elementor-posts--skin-cards elementor-grid\" role=\"list\">\n\t\t\t\t<article class=\"elementor-post elementor-grid-item post-1007 post type-post status-publish format-standard has-post-thumbnail hentry category-actaulites category-evenements\" role=\"listitem\">\n\t\t\t<div class=\"elementor-post__card\">\n\t\t\t\t<a class=\"elementor-post__thumbnail__link\" href=\"https:\/\/www.collegejeantabi.org\/fr_fr\/jubile-dor-du-college-jean-tabi-50-ans-dexcellence-et-de-partage\/\" tabindex=\"-1\" ><div class=\"elementor-post__thumbnail\"><img decoding=\"async\" width=\"300\" height=\"144\" src=\"https:\/\/www.collegejeantabi.org\/wp-content\/uploads\/2025\/08\/normal_44dd674-300x144.jpg\" class=\"attachment-medium size-medium wp-image-659\" alt=\"Coll\u00e8ge Jean Tabi : 50 ans d\u2019excellence et de partage\" srcset=\"https:\/\/www.collegejeantabi.org\/wp-content\/uploads\/2025\/08\/normal_44dd674-300x144.jpg 300w, https:\/\/www.collegejeantabi.org\/wp-content\/uploads\/2025\/08\/normal_44dd674-768x368.jpg 768w, https:\/\/www.collegejeantabi.org\/wp-content\/uploads\/2025\/08\/normal_44dd674-18x9.jpg 18w, https:\/\/www.collegejeantabi.org\/wp-content\/uploads\/2025\/08\/normal_44dd674.jpg 960w\" sizes=\"(max-width: 300px) 100vw, 300px\" \/><\/div><\/a>\n\t\t\t\t<div class=\"elementor-post__badge\">Actaulit\u00e9s<\/div>\n\t\t\t\t<div class=\"elementor-post__text\">\n\t\t\t\t<h3 class=\"elementor-post__title\">\n\t\t\t<a href=\"https:\/\/www.collegejeantabi.org\/fr_fr\/jubile-dor-du-college-jean-tabi-50-ans-dexcellence-et-de-partage\/\" >\n\t\t\t\tJubil\u00e9 d\u2019Or du Coll\u00e8ge Jean Tabi : 50 ans d\u2019excellence et de partage\t\t\t<\/a>\n\t\t<\/h3>\n\t\t\n\t\t<a class=\"elementor-post__read-more\" href=\"https:\/\/www.collegejeantabi.org\/fr_fr\/jubile-dor-du-college-jean-tabi-50-ans-dexcellence-et-de-partage\/\" aria-label=\"Read more about Jubil\u00e9 d\u2019Or du Coll\u00e8ge Jean Tabi : 50 ans d\u2019excellence et de partage\" tabindex=\"-1\" >\n\t\t\tLire la suite \u00bb\t\t<\/a>\n\n\t\t\t\t<\/div>\n\t\t\t\t<div class=\"elementor-post__meta-data\">\n\t\t\t\t\t<span class=\"elementor-post-date\">\n\t\t\tnovembre 4, 2025\t\t<\/span>\n\t\t\t\t<span class=\"elementor-post-avatar\">\n\t\t\tAucun commentaire\t\t<\/span>\n\t\t\t\t<\/div>\n\t\t\t\t\t<\/div>\n\t\t<\/article>\n\t\t\t\t<article class=\"elementor-post elementor-grid-item post-743 post type-post status-publish format-standard has-post-thumbnail hentry category-evenements\" role=\"listitem\">\n\t\t\t<div class=\"elementor-post__card\">\n\t\t\t\t<a class=\"elementor-post__thumbnail__link\" href=\"https:\/\/www.collegejeantabi.org\/fr_fr\/journee-internationale-de-la-langue-maternelle\/\" tabindex=\"-1\" ><div class=\"elementor-post__thumbnail\"><img decoding=\"async\" width=\"300\" height=\"135\" src=\"https:\/\/www.collegejeantabi.org\/wp-content\/uploads\/2025\/08\/c9f4df7fa22c9b19bac9bf1343c3247c-1-300x135.jpg\" class=\"attachment-medium size-medium wp-image-744\" alt=\"Journ\u00e9e internationale de la langue maternelle\" srcset=\"https:\/\/www.collegejeantabi.org\/wp-content\/uploads\/2025\/08\/c9f4df7fa22c9b19bac9bf1343c3247c-1-300x135.jpg 300w, https:\/\/www.collegejeantabi.org\/wp-content\/uploads\/2025\/08\/c9f4df7fa22c9b19bac9bf1343c3247c-1-18x8.jpg 18w, https:\/\/www.collegejeantabi.org\/wp-content\/uploads\/2025\/08\/c9f4df7fa22c9b19bac9bf1343c3247c-1.jpg 768w\" sizes=\"(max-width: 300px) 100vw, 300px\" \/><\/div><\/a>\n\t\t\t\t<div class=\"elementor-post__badge\">Evenements<\/div>\n\t\t\t\t<div class=\"elementor-post__text\">\n\t\t\t\t<h3 class=\"elementor-post__title\">\n\t\t\t<a href=\"https:\/\/www.collegejeantabi.org\/fr_fr\/journee-internationale-de-la-langue-maternelle\/\" >\n\t\t\t\tJourn\u00e9e internationale de la langue maternelle\t\t\t<\/a>\n\t\t<\/h3>\n\t\t\n\t\t<a class=\"elementor-post__read-more\" href=\"https:\/\/www.collegejeantabi.org\/fr_fr\/journee-internationale-de-la-langue-maternelle\/\" aria-label=\"Read more about Journ\u00e9e internationale de la langue maternelle\" tabindex=\"-1\" >\n\t\t\tLire la suite \u00bb\t\t<\/a>\n\n\t\t\t\t<\/div>\n\t\t\t\t<div class=\"elementor-post__meta-data\">\n\t\t\t\t\t<span class=\"elementor-post-date\">\n\t\t\tao\u00fbt 22, 2025\t\t<\/span>\n\t\t\t\t<span class=\"elementor-post-avatar\">\n\t\t\tAucun commentaire\t\t<\/span>\n\t\t\t\t<\/div>\n\t\t\t\t\t<\/div>\n\t\t<\/article>\n\t\t\t\t<article class=\"elementor-post elementor-grid-item post-740 post type-post status-publish format-standard has-post-thumbnail hentry category-evenements\" role=\"listitem\">\n\t\t\t<div class=\"elementor-post__card\">\n\t\t\t\t<a class=\"elementor-post__thumbnail__link\" href=\"https:\/\/www.collegejeantabi.org\/fr_fr\/forum-des-universites-et-grandes-ecoles-au-college\/\" tabindex=\"-1\" ><div class=\"elementor-post__thumbnail\"><img fetchpriority=\"high\" decoding=\"async\" width=\"300\" height=\"169\" src=\"https:\/\/www.collegejeantabi.org\/wp-content\/uploads\/2025\/08\/b0dd8f0594e7be0be0ccbc44e6070737-2-300x169.jpg\" class=\"attachment-medium size-medium wp-image-741\" alt=\"Forum des universit\u00e9s et grandes \u00e9coles au coll\u00e8ge\" srcset=\"https:\/\/www.collegejeantabi.org\/wp-content\/uploads\/2025\/08\/b0dd8f0594e7be0be0ccbc44e6070737-2-300x169.jpg 300w, https:\/\/www.collegejeantabi.org\/wp-content\/uploads\/2025\/08\/b0dd8f0594e7be0be0ccbc44e6070737-2-18x10.jpg 18w, https:\/\/www.collegejeantabi.org\/wp-content\/uploads\/2025\/08\/b0dd8f0594e7be0be0ccbc44e6070737-2.jpg 756w\" sizes=\"(max-width: 300px) 100vw, 300px\" \/><\/div><\/a>\n\t\t\t\t<div class=\"elementor-post__badge\">Evenements<\/div>\n\t\t\t\t<div class=\"elementor-post__text\">\n\t\t\t\t<h3 class=\"elementor-post__title\">\n\t\t\t<a href=\"https:\/\/www.collegejeantabi.org\/fr_fr\/forum-des-universites-et-grandes-ecoles-au-college\/\" >\n\t\t\t\tForum des universit\u00e9s et grandes \u00e9coles au coll\u00e8ge\t\t\t<\/a>\n\t\t<\/h3>\n\t\t\n\t\t<a class=\"elementor-post__read-more\" href=\"https:\/\/www.collegejeantabi.org\/fr_fr\/forum-des-universites-et-grandes-ecoles-au-college\/\" aria-label=\"Read more about Forum des universit\u00e9s et grandes \u00e9coles au coll\u00e8ge\" tabindex=\"-1\" >\n\t\t\tLire la suite \u00bb\t\t<\/a>\n\n\t\t\t\t<\/div>\n\t\t\t\t<div class=\"elementor-post__meta-data\">\n\t\t\t\t\t<span class=\"elementor-post-date\">\n\t\t\tao\u00fbt 22, 2025\t\t<\/span>\n\t\t\t\t<span class=\"elementor-post-avatar\">\n\t\t\tAucun commentaire\t\t<\/span>\n\t\t\t\t<\/div>\n\t\t\t\t\t<\/div>\n\t\t<\/article>\n\t\t\t\t<article class=\"elementor-post elementor-grid-item post-734 post type-post status-publish format-standard has-post-thumbnail hentry category-evenements\" role=\"listitem\">\n\t\t\t<div class=\"elementor-post__card\">\n\t\t\t\t<a class=\"elementor-post__thumbnail__link\" href=\"https:\/\/www.collegejeantabi.org\/fr_fr\/journee-retour-aux-sources\/\" tabindex=\"-1\" ><div class=\"elementor-post__thumbnail\"><img loading=\"lazy\" decoding=\"async\" width=\"259\" height=\"194\" src=\"https:\/\/www.collegejeantabi.org\/wp-content\/uploads\/2025\/08\/telechargement-1.jpeg\" class=\"attachment-medium size-medium wp-image-735\" alt=\"Journ\u00e9e Retour aux Sources\" srcset=\"https:\/\/www.collegejeantabi.org\/wp-content\/uploads\/2025\/08\/telechargement-1.jpeg 259w, https:\/\/www.collegejeantabi.org\/wp-content\/uploads\/2025\/08\/telechargement-1-16x12.jpeg 16w\" sizes=\"(max-width: 259px) 100vw, 259px\" \/><\/div><\/a>\n\t\t\t\t<div class=\"elementor-post__badge\">Evenements<\/div>\n\t\t\t\t<div class=\"elementor-post__text\">\n\t\t\t\t<h3 class=\"elementor-post__title\">\n\t\t\t<a href=\"https:\/\/www.collegejeantabi.org\/fr_fr\/journee-retour-aux-sources\/\" >\n\t\t\t\tJourn\u00e9e Retour aux Sources\t\t\t<\/a>\n\t\t<\/h3>\n\t\t\n\t\t<a class=\"elementor-post__read-more\" href=\"https:\/\/www.collegejeantabi.org\/fr_fr\/journee-retour-aux-sources\/\" aria-label=\"Read more about Journ\u00e9e Retour aux Sources\" tabindex=\"-1\" >\n\t\t\tLire la suite \u00bb\t\t<\/a>\n\n\t\t\t\t<\/div>\n\t\t\t\t<div class=\"elementor-post__meta-data\">\n\t\t\t\t\t<span class=\"elementor-post-date\">\n\t\t\tao\u00fbt 22, 2025\t\t<\/span>\n\t\t\t\t<span class=\"elementor-post-avatar\">\n\t\t\tAucun commentaire\t\t<\/span>\n\t\t\t\t<\/div>\n\t\t\t\t\t<\/div>\n\t\t<\/article>\n\t\t\t\t<\/div>\n\t\t\n\t\t\t\t\t\t<\/div>\n\t\t\t\t<\/div>\n\t\t\t\t\t<\/div>\n\t\t\t\t<\/div>\n\t\t<div class=\"elementor-element elementor-element-4581e83 e-flex e-con-boxed e-con e-parent\" data-id=\"4581e83\" data-element_type=\"container\" data-settings=\"{&quot;background_background&quot;:&quot;classic&quot;}\">\n\t\t\t\t\t<div class=\"e-con-inner\">\n\t\t<div class=\"elementor-element elementor-element-e4fd954 e-con-full e-flex elementor-invisible e-con e-child\" data-id=\"e4fd954\" data-element_type=\"container\" data-settings=\"{&quot;animation&quot;:&quot;fadeInLeft&quot;}\">\n\t\t\t\t<div class=\"elementor-element elementor-element-bd4abc3 elementor-widget elementor-widget-heading\" data-id=\"bd4abc3\" data-element_type=\"widget\" data-widget_type=\"heading.default\">\n\t\t\t\t<div class=\"elementor-widget-container\">\n\t\t\t\t\t<h2 class=\"elementor-heading-title elementor-size-default\">Inscrivez votre enfant au Coll\u00e8ge Jean TABI<\/h2>\t\t\t\t<\/div>\n\t\t\t\t<\/div>\n\t\t\t\t<div class=\"elementor-element elementor-element-ac7e7e5 elementor-widget elementor-widget-text-editor\" data-id=\"ac7e7e5\" data-element_type=\"widget\" data-widget_type=\"text-editor.default\">\n\t\t\t\t<div class=\"elementor-widget-container\">\n\t\t\t\t\t\t\t\t\t<p>Offrez \u00e0 votre enfant une scolarit\u00e9 de qualit\u00e9 alliant excellence acad\u00e9mique, discipline et valeurs chr\u00e9tiennes. L\u2019inscription se fait facilement en ligne via l\u2019Espace Parent.<\/p>\t\t\t\t\t\t\t\t<\/div>\n\t\t\t\t<\/div>\n\t\t\t\t<div class=\"elementor-element elementor-element-9310f09 elementor-align-left elementor-widget elementor-widget-button\" data-id=\"9310f09\" data-element_type=\"widget\" data-widget_type=\"button.default\">\n\t\t\t\t<div class=\"elementor-widget-container\">\n\t\t\t\t\t\t\t\t\t<div class=\"elementor-button-wrapper\">\n\t\t\t\t\t<a class=\"elementor-button elementor-button-link elementor-size-sm\" href=\"https:\/\/akiliprisma.akili-systems.com\/coly\/espaceparents\/001\/\" target=\"_blank\" rel=\"noopener\">\n\t\t\t\t\t\t<span class=\"elementor-button-content-wrapper\">\n\t\t\t\t\t\t<span class=\"elementor-button-icon\">\n\t\t\t\t<svg aria-hidden=\"true\" class=\"e-font-icon-svg e-far-user-circle\" viewBox=\"0 0 496 512\" xmlns=\"http:\/\/www.w3.org\/2000\/svg\"><path d=\"M248 104c-53 0-96 43-96 96s43 96 96 96 96-43 96-96-43-96-96-96zm0 144c-26.5 0-48-21.5-48-48s21.5-48 48-48 48 21.5 48 48-21.5 48-48 48zm0-240C111 8 0 119 0 256s111 248 248 248 248-111 248-248S385 8 248 8zm0 448c-49.7 0-95.1-18.3-130.1-48.4 14.9-23 40.4-38.6 69.6-39.5 20.8 6.4 40.6 9.6 60.5 9.6s39.7-3.1 60.5-9.6c29.2 1 54.7 16.5 69.6 39.5-35 30.1-80.4 48.4-130.1 48.4zm162.7-84.1c-24.4-31.4-62.1-51.9-105.1-51.9-10.2 0-26 9.6-57.6 9.6-31.5 0-47.4-9.6-57.6-9.6-42.9 0-80.6 20.5-105.1 51.9C61.9 339.2 48 299.2 48 256c0-110.3 89.7-200 200-200s200 89.7 200 200c0 43.2-13.9 83.2-37.3 115.9z\"><\/path><\/svg>\t\t\t<\/span>\n\t\t\t\t\t\t\t\t\t<span class=\"elementor-button-text\">Coectez-vous mainntenant<\/span>\n\t\t\t\t\t<\/span>\n\t\t\t\t\t<\/a>\n\t\t\t\t<\/div>\n\t\t\t\t\t\t\t\t<\/div>\n\t\t\t\t<\/div>\n\t\t\t\t<\/div>\n\t\t\t\t\t<\/div>\n\t\t\t\t<\/div>\n\t\t\t\t<\/div>\n\t\t","protected":false},"excerpt":{"rendered":"<p>\u00c9v\u00e9nements du Coll\u00e8ge Jean-Tabi Retrouvez les \u00e9v\u00e9nements marquants du Coll\u00e8ge Jean-Tabi \u00e0 Yaound\u00e9 : expositions, journ\u00e9es institutionnelles et activit\u00e9s scolaires. Consultez notre agenda. Le coll\u00e8ge<\/p>\n","protected":false},"author":1,"featured_media":0,"parent":0,"menu_order":0,"comment_status":"closed","ping_status":"open","template":"","meta":{"rank_math_robots":"","footnotes":""},"class_list":["post-227","page","type-page","status-publish","hentry"],"_links":{"self":[{"href":"https:\/\/www.collegejeantabi.org\/fr_fr\/wp-json\/wp\/v2\/pages\/227","targetHints":{"allow":["GET"]}}],"collection":[{"href":"https:\/\/www.collegejeantabi.org\/fr_fr\/wp-json\/wp\/v2\/pages"}],"about":[{"href":"https:\/\/www.collegejeantabi.org\/fr_fr\/wp-json\/wp\/v2\/types\/page"}],"author":[{"embeddable":true,"href":"https:\/\/www.collegejeantabi.org\/fr_fr\/wp-json\/wp\/v2\/users\/1"}],"replies":[{"embeddable":true,"href":"https:\/\/www.collegejeantabi.org\/fr_fr\/wp-json\/wp\/v2\/comments?post=227"}],"version-history":[{"count":11,"href":"https:\/\/www.collegejeantabi.org\/fr_fr\/wp-json\/wp\/v2\/pages\/227\/revisions"}],"predecessor-version":[{"id":753,"href":"https:\/\/www.collegejeantabi.org\/fr_fr\/wp-json\/wp\/v2\/pages\/227\/revisions\/753"}],"wp:attachment":[{"href":"https:\/\/www.collegejeantabi.org\/fr_fr\/wp-json\/wp\/v2\/media?parent=227"}],"curies":[{"name":"wp","href":"https:\/\/api.w.org\/{rel}","templated":true}]}}