{"id":215,"date":"2025-08-21T07:48:37","date_gmt":"2025-08-21T07:48:37","guid":{"rendered":"https:\/\/www.dev1.mevogroup.com\/?page_id=215"},"modified":"2025-08-22T15:20:57","modified_gmt":"2025-08-22T15:20:57","slug":"vie-au-college","status":"publish","type":"page","link":"https:\/\/www.collegejeantabi.org\/fr_fr\/vie-au-college\/","title":{"rendered":"Vie au coll\u00e8ge"},"content":{"rendered":"\t\t<div data-elementor-type=\"wp-page\" data-elementor-id=\"215\" class=\"elementor elementor-215\" data-elementor-post-type=\"page\">\n\t\t\t\t<div class=\"elementor-element elementor-element-b58acde e-flex e-con-boxed e-con e-parent\" data-id=\"b58acde\" data-element_type=\"container\" data-settings=\"{&quot;background_background&quot;:&quot;classic&quot;}\">\n\t\t\t\t\t<div class=\"e-con-inner\">\n\t\t<div class=\"elementor-element elementor-element-423feb4 e-flex e-con-boxed e-con e-child\" data-id=\"423feb4\" data-element_type=\"container\">\n\t\t\t\t\t<div class=\"e-con-inner\">\n\t\t\t\t<div class=\"elementor-element elementor-element-0af3726 elementor-invisible elementor-widget elementor-widget-heading\" data-id=\"0af3726\" data-element_type=\"widget\" data-settings=\"{&quot;_animation&quot;:&quot;fadeInUp&quot;}\" data-widget_type=\"heading.default\">\n\t\t\t\t<div class=\"elementor-widget-container\">\n\t\t\t\t\t<h1 class=\"elementor-heading-title elementor-size-default\">Activit\u00e9s et vie scolaire \u00e0 Jean Tabi<\/h1>\t\t\t\t<\/div>\n\t\t\t\t<\/div>\n\t\t\t\t<div class=\"elementor-element elementor-element-af4cdee elementor-invisible elementor-widget elementor-widget-heading\" data-id=\"af4cdee\" data-element_type=\"widget\" data-settings=\"{&quot;_animation&quot;:&quot;fadeInUp&quot;,&quot;_animation_delay&quot;:200}\" data-widget_type=\"heading.default\">\n\t\t\t\t<div class=\"elementor-widget-container\">\n\t\t\t\t\t<h4 class=\"elementor-heading-title elementor-size-default\">D\u00e9couvrez la vie au Coll\u00e8ge Jean TABI \u00e0 Yaound\u00e9 : activit\u00e9s scolaires et extrascolaires, \u00e9v\u00e9nements de l\u2019ann\u00e9e, projets \u00e9ducatifs et vie \u00e9tudiante pour un apprentissage complet et \u00e9panouissant.<\/h4>\t\t\t\t<\/div>\n\t\t\t\t<\/div>\n\t\t\t\t<div class=\"elementor-element elementor-element-dbd8784 elementor-align-center elementor-widget elementor-widget-breadcrumbs\" data-id=\"dbd8784\" data-element_type=\"widget\" data-widget_type=\"breadcrumbs.default\">\n\t\t\t\t<div class=\"elementor-widget-container\">\n\t\t\t\t\t<nav aria-label=\"breadcrumbs\" class=\"rank-math-breadcrumb\"><p><span class=\"last\">Le coll\u00e8ge<\/span><\/p><\/nav>\t\t\t\t<\/div>\n\t\t\t\t<\/div>\n\t\t\t\t\t<\/div>\n\t\t\t\t<\/div>\n\t\t\t\t\t<\/div>\n\t\t\t\t<\/div>\n\t\t<div class=\"elementor-element elementor-element-b67413b e-flex e-con-boxed e-con e-parent\" data-id=\"b67413b\" data-element_type=\"container\">\n\t\t\t\t\t<div class=\"e-con-inner\">\n\t\t\t\t<div class=\"elementor-element elementor-element-73862fc elementor-invisible elementor-widget elementor-widget-heading\" data-id=\"73862fc\" data-element_type=\"widget\" data-settings=\"{&quot;_animation&quot;:&quot;fadeInUp&quot;}\" data-widget_type=\"heading.default\">\n\t\t\t\t<div class=\"elementor-widget-container\">\n\t\t\t\t\t<h2 class=\"elementor-heading-title elementor-size-default\">D\u00e9couvrez la vie au Coll\u00e8ge Jean TABI<\/h2>\t\t\t\t<\/div>\n\t\t\t\t<\/div>\n\t\t\t\t<div class=\"elementor-element elementor-element-178e730 elementor-widget elementor-widget-text-editor\" data-id=\"178e730\" data-element_type=\"widget\" data-widget_type=\"text-editor.default\">\n\t\t\t\t<div class=\"elementor-widget-container\">\n\t\t\t\t\t\t\t\t\t<p>Plongez au c\u0153ur de la <a href=\"https:\/\/www.collegejeantabi.org\/scolarite\/\">scolarit\u00e9<\/a> et des <a href=\"https:\/\/www.collegejeantabi.org\/evenements-de-lannee\/\">\u00e9v\u00e9nements de l\u2019ann\u00e9e <\/a>du <a href=\"https:\/\/www.collegejeantabi.org\/le-college\/\">Coll\u00e8ge Jean TABI<\/a>. Informez-vous sur <a href=\"https:\/\/www.collegejeantabi.org\/qui-peut-sinscrire\/\">qui peut s\u2019inscrire ?<\/a>, consultez la liste des <a href=\"https:\/\/www.collegejeantabi.org\/les-manuels-scolaires-2025-2026\/\">manuels scolaires<\/a>\u00a0et des f<a href=\"https:\/\/www.collegejeantabi.org\/les-fournitures-scolaires-2025-2026\/\">ournitures scolaires<\/a>, et explorez nos<a href=\"https:\/\/www.collegejeantabi.org\/liens-sites-educatifs-utiles\/\"> liens vers des sites \u00e9ducatifs utiles<\/a>. Suivez nos activit\u00e9s p\u00e9dagogiques et extrascolaires pour mieux comprendre la vie quotidienne et l\u2019exp\u00e9rience de nos \u00e9l\u00e8ves.<\/p>\t\t\t\t\t\t\t\t<\/div>\n\t\t\t\t<\/div>\n\t\t\t\t<div class=\"elementor-element elementor-element-301ba04 elementor-grid-3 elementor-grid-tablet-2 elementor-grid-mobile-1 elementor-posts--thumbnail-top elementor-card-shadow-yes elementor-posts__hover-gradient elementor-widget elementor-widget-posts\" data-id=\"301ba04\" data-element_type=\"widget\" data-settings=\"{&quot;cards_columns&quot;:&quot;3&quot;,&quot;cards_columns_tablet&quot;:&quot;2&quot;,&quot;cards_columns_mobile&quot;:&quot;1&quot;,&quot;cards_row_gap&quot;:{&quot;unit&quot;:&quot;px&quot;,&quot;size&quot;:35,&quot;sizes&quot;:[]},&quot;cards_row_gap_tablet&quot;:{&quot;unit&quot;:&quot;px&quot;,&quot;size&quot;:&quot;&quot;,&quot;sizes&quot;:[]},&quot;cards_row_gap_mobile&quot;:{&quot;unit&quot;:&quot;px&quot;,&quot;size&quot;:&quot;&quot;,&quot;sizes&quot;:[]}}\" data-widget_type=\"posts.cards\">\n\t\t\t\t<div class=\"elementor-widget-container\">\n\t\t\t\t\t\t\t<div class=\"elementor-posts-container elementor-posts elementor-posts--skin-cards elementor-grid\" role=\"list\">\n\t\t\t\t<article class=\"elementor-post elementor-grid-item post-388 post type-post status-publish format-standard has-post-thumbnail hentry category-viie-au-college\" role=\"listitem\">\n\t\t\t<div class=\"elementor-post__card\">\n\t\t\t\t<a class=\"elementor-post__thumbnail__link\" href=\"https:\/\/www.collegejeantabi.org\/fr_fr\/seminaire-de-renforcement-des-capacites-des-enseignants\/\" tabindex=\"-1\" ><div class=\"elementor-post__thumbnail\"><img fetchpriority=\"high\" decoding=\"async\" width=\"300\" height=\"181\" src=\"https:\/\/www.collegejeantabi.org\/wp-content\/uploads\/2025\/08\/18fc6e455ad0b8468851e91685cc5306-580x350-1-300x181.jpg\" class=\"attachment-medium size-medium wp-image-389\" alt=\"S\u00e9minaire de renforcement des capacit\u00e9s des enseignants\" srcset=\"https:\/\/www.collegejeantabi.org\/wp-content\/uploads\/2025\/08\/18fc6e455ad0b8468851e91685cc5306-580x350-1-300x181.jpg 300w, https:\/\/www.collegejeantabi.org\/wp-content\/uploads\/2025\/08\/18fc6e455ad0b8468851e91685cc5306-580x350-1-18x12.jpg 18w, https:\/\/www.collegejeantabi.org\/wp-content\/uploads\/2025\/08\/18fc6e455ad0b8468851e91685cc5306-580x350-1.jpg 580w\" sizes=\"(max-width: 300px) 100vw, 300px\" \/><\/div><\/a>\n\t\t\t\t<div class=\"elementor-post__badge\">Viie au coll\u00e8ge<\/div>\n\t\t\t\t<div class=\"elementor-post__text\">\n\t\t\t\t<h3 class=\"elementor-post__title\">\n\t\t\t<a href=\"https:\/\/www.collegejeantabi.org\/fr_fr\/seminaire-de-renforcement-des-capacites-des-enseignants\/\" >\n\t\t\t\tS\u00e9minaire de renforcement des capacit\u00e9s des enseignants\t\t\t<\/a>\n\t\t<\/h3>\n\t\t\n\t\t<a class=\"elementor-post__read-more\" href=\"https:\/\/www.collegejeantabi.org\/fr_fr\/seminaire-de-renforcement-des-capacites-des-enseignants\/\" aria-label=\"Read more about S\u00e9minaire de renforcement des capacit\u00e9s des enseignants\" tabindex=\"-1\" >\n\t\t\tLire la suite \u00bb\t\t<\/a>\n\n\t\t\t\t<\/div>\n\t\t\t\t<div class=\"elementor-post__meta-data\">\n\t\t\t\t\t<span class=\"elementor-post-date\">\n\t\t\tao\u00fbt 21, 2025\t\t<\/span>\n\t\t\t\t<span class=\"elementor-post-avatar\">\n\t\t\tAucun commentaire\t\t<\/span>\n\t\t\t\t<\/div>\n\t\t\t\t\t<\/div>\n\t\t<\/article>\n\t\t\t\t<article class=\"elementor-post elementor-grid-item post-385 post type-post status-publish format-standard has-post-thumbnail hentry category-viie-au-college\" role=\"listitem\">\n\t\t\t<div class=\"elementor-post__card\">\n\t\t\t\t<a class=\"elementor-post__thumbnail__link\" href=\"https:\/\/www.collegejeantabi.org\/fr_fr\/ceremonie-de-rentree-scolaire-2022-2023\/\" tabindex=\"-1\" ><div class=\"elementor-post__thumbnail\"><img decoding=\"async\" width=\"300\" height=\"169\" src=\"https:\/\/www.collegejeantabi.org\/wp-content\/uploads\/2025\/08\/b0dd8f0594e7be0be0ccbc44e6070737-300x169.jpg\" class=\"attachment-medium size-medium wp-image-386\" alt=\"C\u00e9r\u00e9monie de Rentr\u00e9e scolaire 2022-2023\" srcset=\"https:\/\/www.collegejeantabi.org\/wp-content\/uploads\/2025\/08\/b0dd8f0594e7be0be0ccbc44e6070737-300x169.jpg 300w, https:\/\/www.collegejeantabi.org\/wp-content\/uploads\/2025\/08\/b0dd8f0594e7be0be0ccbc44e6070737-18x10.jpg 18w, https:\/\/www.collegejeantabi.org\/wp-content\/uploads\/2025\/08\/b0dd8f0594e7be0be0ccbc44e6070737.jpg 756w\" sizes=\"(max-width: 300px) 100vw, 300px\" \/><\/div><\/a>\n\t\t\t\t<div class=\"elementor-post__badge\">Viie au coll\u00e8ge<\/div>\n\t\t\t\t<div class=\"elementor-post__text\">\n\t\t\t\t<h3 class=\"elementor-post__title\">\n\t\t\t<a href=\"https:\/\/www.collegejeantabi.org\/fr_fr\/ceremonie-de-rentree-scolaire-2022-2023\/\" >\n\t\t\t\tC\u00e9r\u00e9monie de Rentr\u00e9e scolaire 2022-2023\t\t\t<\/a>\n\t\t<\/h3>\n\t\t\n\t\t<a class=\"elementor-post__read-more\" href=\"https:\/\/www.collegejeantabi.org\/fr_fr\/ceremonie-de-rentree-scolaire-2022-2023\/\" aria-label=\"Read more about C\u00e9r\u00e9monie de Rentr\u00e9e scolaire 2022-2023\" tabindex=\"-1\" >\n\t\t\tLire la suite \u00bb\t\t<\/a>\n\n\t\t\t\t<\/div>\n\t\t\t\t<div class=\"elementor-post__meta-data\">\n\t\t\t\t\t<span class=\"elementor-post-date\">\n\t\t\tao\u00fbt 21, 2025\t\t<\/span>\n\t\t\t\t<span class=\"elementor-post-avatar\">\n\t\t\tAucun commentaire\t\t<\/span>\n\t\t\t\t<\/div>\n\t\t\t\t\t<\/div>\n\t\t<\/article>\n\t\t\t\t<article class=\"elementor-post elementor-grid-item post-379 post type-post status-publish format-standard has-post-thumbnail hentry category-viie-au-college\" role=\"listitem\">\n\t\t\t<div class=\"elementor-post__card\">\n\t\t\t\t<a class=\"elementor-post__thumbnail__link\" href=\"https:\/\/www.collegejeantabi.org\/fr_fr\/pasch-tag-kamerun-2017-goethe-institut-kamerun-college-jean-tabi\/\" tabindex=\"-1\" ><div class=\"elementor-post__thumbnail\"><img decoding=\"async\" width=\"300\" height=\"169\" src=\"https:\/\/www.collegejeantabi.org\/wp-content\/uploads\/2025\/08\/maxresdefault-300x169.jpg\" class=\"attachment-medium size-medium wp-image-382\" alt=\"PASCH Tag Kamerun\" srcset=\"https:\/\/www.collegejeantabi.org\/wp-content\/uploads\/2025\/08\/maxresdefault-300x169.jpg 300w, https:\/\/www.collegejeantabi.org\/wp-content\/uploads\/2025\/08\/maxresdefault-1024x576.jpg 1024w, https:\/\/www.collegejeantabi.org\/wp-content\/uploads\/2025\/08\/maxresdefault-768x432.jpg 768w, https:\/\/www.collegejeantabi.org\/wp-content\/uploads\/2025\/08\/maxresdefault-18x10.jpg 18w, https:\/\/www.collegejeantabi.org\/wp-content\/uploads\/2025\/08\/maxresdefault.jpg 1280w\" sizes=\"(max-width: 300px) 100vw, 300px\" \/><\/div><\/a>\n\t\t\t\t<div class=\"elementor-post__badge\">Viie au coll\u00e8ge<\/div>\n\t\t\t\t<div class=\"elementor-post__text\">\n\t\t\t\t<h3 class=\"elementor-post__title\">\n\t\t\t<a href=\"https:\/\/www.collegejeantabi.org\/fr_fr\/pasch-tag-kamerun-2017-goethe-institut-kamerun-college-jean-tabi\/\" >\n\t\t\t\tPASCH Tag Kamerun 2017 Goethe-Institut Kamerun Coll\u00e8ge Jean Tabi\t\t\t<\/a>\n\t\t<\/h3>\n\t\t\n\t\t<a class=\"elementor-post__read-more\" href=\"https:\/\/www.collegejeantabi.org\/fr_fr\/pasch-tag-kamerun-2017-goethe-institut-kamerun-college-jean-tabi\/\" aria-label=\"Read more about PASCH Tag Kamerun 2017 Goethe-Institut Kamerun Coll\u00e8ge Jean Tabi\" tabindex=\"-1\" >\n\t\t\tLire la suite \u00bb\t\t<\/a>\n\n\t\t\t\t<\/div>\n\t\t\t\t<div class=\"elementor-post__meta-data\">\n\t\t\t\t\t<span class=\"elementor-post-date\">\n\t\t\tao\u00fbt 21, 2025\t\t<\/span>\n\t\t\t\t<span class=\"elementor-post-avatar\">\n\t\t\tAucun commentaire\t\t<\/span>\n\t\t\t\t<\/div>\n\t\t\t\t\t<\/div>\n\t\t<\/article>\n\t\t\t\t<\/div>\n\t\t\n\t\t\t\t\t\t<\/div>\n\t\t\t\t<\/div>\n\t\t\t\t\t<\/div>\n\t\t\t\t<\/div>\n\t\t<div class=\"elementor-element elementor-element-74ea5fc e-flex e-con-boxed e-con e-parent\" data-id=\"74ea5fc\" data-element_type=\"container\" data-settings=\"{&quot;background_background&quot;:&quot;classic&quot;}\">\n\t\t\t\t\t<div class=\"e-con-inner\">\n\t\t<div class=\"elementor-element elementor-element-f1fdc55 e-con-full e-flex elementor-invisible e-con e-child\" data-id=\"f1fdc55\" data-element_type=\"container\" data-settings=\"{&quot;animation&quot;:&quot;fadeInLeft&quot;}\">\n\t\t\t\t<div class=\"elementor-element elementor-element-9690e32 elementor-widget elementor-widget-heading\" data-id=\"9690e32\" data-element_type=\"widget\" data-widget_type=\"heading.default\">\n\t\t\t\t<div class=\"elementor-widget-container\">\n\t\t\t\t\t<h2 class=\"elementor-heading-title elementor-size-default\">Inscrivez votre enfant au Coll\u00e8ge Jean TABI<\/h2>\t\t\t\t<\/div>\n\t\t\t\t<\/div>\n\t\t\t\t<div class=\"elementor-element elementor-element-d35fde8 elementor-widget elementor-widget-text-editor\" data-id=\"d35fde8\" data-element_type=\"widget\" data-widget_type=\"text-editor.default\">\n\t\t\t\t<div class=\"elementor-widget-container\">\n\t\t\t\t\t\t\t\t\t<p>Offrez \u00e0 votre enfant une scolarit\u00e9 de qualit\u00e9 alliant excellence acad\u00e9mique, discipline et valeurs chr\u00e9tiennes. L\u2019inscription se fait facilement en ligne via l\u2019Espace Parent.<\/p>\t\t\t\t\t\t\t\t<\/div>\n\t\t\t\t<\/div>\n\t\t\t\t<div class=\"elementor-element elementor-element-ce607ee elementor-align-left elementor-widget elementor-widget-button\" data-id=\"ce607ee\" data-element_type=\"widget\" data-widget_type=\"button.default\">\n\t\t\t\t<div class=\"elementor-widget-container\">\n\t\t\t\t\t\t\t\t\t<div class=\"elementor-button-wrapper\">\n\t\t\t\t\t<a class=\"elementor-button elementor-button-link elementor-size-sm\" href=\"https:\/\/akiliprisma.akili-systems.com\/coly\/espaceparents\/001\/\" target=\"_blank\" rel=\"noopener\">\n\t\t\t\t\t\t<span class=\"elementor-button-content-wrapper\">\n\t\t\t\t\t\t<span class=\"elementor-button-icon\">\n\t\t\t\t<svg aria-hidden=\"true\" class=\"e-font-icon-svg e-far-user-circle\" viewBox=\"0 0 496 512\" xmlns=\"http:\/\/www.w3.org\/2000\/svg\"><path d=\"M248 104c-53 0-96 43-96 96s43 96 96 96 96-43 96-96-43-96-96-96zm0 144c-26.5 0-48-21.5-48-48s21.5-48 48-48 48 21.5 48 48-21.5 48-48 48zm0-240C111 8 0 119 0 256s111 248 248 248 248-111 248-248S385 8 248 8zm0 448c-49.7 0-95.1-18.3-130.1-48.4 14.9-23 40.4-38.6 69.6-39.5 20.8 6.4 40.6 9.6 60.5 9.6s39.7-3.1 60.5-9.6c29.2 1 54.7 16.5 69.6 39.5-35 30.1-80.4 48.4-130.1 48.4zm162.7-84.1c-24.4-31.4-62.1-51.9-105.1-51.9-10.2 0-26 9.6-57.6 9.6-31.5 0-47.4-9.6-57.6-9.6-42.9 0-80.6 20.5-105.1 51.9C61.9 339.2 48 299.2 48 256c0-110.3 89.7-200 200-200s200 89.7 200 200c0 43.2-13.9 83.2-37.3 115.9z\"><\/path><\/svg>\t\t\t<\/span>\n\t\t\t\t\t\t\t\t\t<span class=\"elementor-button-text\">Coectez-vous mainntenant<\/span>\n\t\t\t\t\t<\/span>\n\t\t\t\t\t<\/a>\n\t\t\t\t<\/div>\n\t\t\t\t\t\t\t\t<\/div>\n\t\t\t\t<\/div>\n\t\t\t\t<\/div>\n\t\t\t\t\t<\/div>\n\t\t\t\t<\/div>\n\t\t\t\t<\/div>\n\t\t","protected":false},"excerpt":{"rendered":"<p>Activit\u00e9s et vie scolaire \u00e0 Jean Tabi D\u00e9couvrez la vie au Coll\u00e8ge Jean TABI \u00e0 Yaound\u00e9 : activit\u00e9s scolaires et extrascolaires, \u00e9v\u00e9nements de l\u2019ann\u00e9e, projets<\/p>\n","protected":false},"author":1,"featured_media":383,"parent":0,"menu_order":0,"comment_status":"closed","ping_status":"open","template":"","meta":{"rank_math_robots":"","footnotes":""},"class_list":["post-215","page","type-page","status-publish","has-post-thumbnail","hentry"],"_links":{"self":[{"href":"https:\/\/www.collegejeantabi.org\/fr_fr\/wp-json\/wp\/v2\/pages\/215","targetHints":{"allow":["GET"]}}],"collection":[{"href":"https:\/\/www.collegejeantabi.org\/fr_fr\/wp-json\/wp\/v2\/pages"}],"about":[{"href":"https:\/\/www.collegejeantabi.org\/fr_fr\/wp-json\/wp\/v2\/types\/page"}],"author":[{"embeddable":true,"href":"https:\/\/www.collegejeantabi.org\/fr_fr\/wp-json\/wp\/v2\/users\/1"}],"replies":[{"embeddable":true,"href":"https:\/\/www.collegejeantabi.org\/fr_fr\/wp-json\/wp\/v2\/comments?post=215"}],"version-history":[{"count":22,"href":"https:\/\/www.collegejeantabi.org\/fr_fr\/wp-json\/wp\/v2\/pages\/215\/revisions"}],"predecessor-version":[{"id":756,"href":"https:\/\/www.collegejeantabi.org\/fr_fr\/wp-json\/wp\/v2\/pages\/215\/revisions\/756"}],"wp:featuredmedia":[{"embeddable":true,"href":"https:\/\/www.collegejeantabi.org\/fr_fr\/wp-json\/wp\/v2\/media\/383"}],"wp:attachment":[{"href":"https:\/\/www.collegejeantabi.org\/fr_fr\/wp-json\/wp\/v2\/media?parent=215"}],"curies":[{"name":"wp","href":"https:\/\/api.w.org\/{rel}","templated":true}]}}