{"id":204,"date":"2025-08-21T07:45:01","date_gmt":"2025-08-21T07:45:01","guid":{"rendered":"https:\/\/www.dev1.mevogroup.com\/?page_id=204"},"modified":"2025-08-21T22:00:04","modified_gmt":"2025-08-21T22:00:04","slug":"qui-etait-jean-tabi","status":"publish","type":"page","link":"https:\/\/www.collegejeantabi.org\/fr_fr\/qui-etait-jean-tabi\/","title":{"rendered":"Qui \u00e9tait Jean TABI"},"content":{"rendered":"\t\t<div data-elementor-type=\"wp-page\" data-elementor-id=\"204\" class=\"elementor elementor-204\" data-elementor-post-type=\"page\">\n\t\t\t\t<div class=\"elementor-element elementor-element-919dd61 e-flex e-con-boxed e-con e-parent\" data-id=\"919dd61\" data-element_type=\"container\" data-settings=\"{&quot;background_background&quot;:&quot;classic&quot;}\">\n\t\t\t\t\t<div class=\"e-con-inner\">\n\t\t<div class=\"elementor-element elementor-element-9cf6bd7 e-flex e-con-boxed e-con e-child\" data-id=\"9cf6bd7\" data-element_type=\"container\">\n\t\t\t\t\t<div class=\"e-con-inner\">\n\t\t\t\t<div class=\"elementor-element elementor-element-fb5d255 elementor-invisible elementor-widget elementor-widget-heading\" data-id=\"fb5d255\" data-element_type=\"widget\" data-settings=\"{&quot;_animation&quot;:&quot;fadeInUp&quot;}\" data-widget_type=\"heading.default\">\n\t\t\t\t<div class=\"elementor-widget-container\">\n\t\t\t\t\t<h1 class=\"elementor-heading-title elementor-size-default\">Qui \u00e9tait Jean Tabi ? \u2013 Fondateur du Coll\u00e8ge Jean-Tabi<\/h1>\t\t\t\t<\/div>\n\t\t\t\t<\/div>\n\t\t\t\t<div class=\"elementor-element elementor-element-9a97396 elementor-invisible elementor-widget elementor-widget-heading\" data-id=\"9a97396\" data-element_type=\"widget\" data-settings=\"{&quot;_animation&quot;:&quot;fadeInUp&quot;,&quot;_animation_delay&quot;:200}\" data-widget_type=\"heading.default\">\n\t\t\t\t<div class=\"elementor-widget-container\">\n\t\t\t\t\t<h4 class=\"elementor-heading-title elementor-size-default\">D\u00e9couvrez l\u2019h\u00e9ritage de Jean Tabi (1908\u20131951), pr\u00eatre \u00e0 qui le Coll\u00e8ge Jean-Tabi rend hommage, fond\u00e9 \u00e0 Yaound\u00e9 en 1956. Histoire et port\u00e9e \u00e9ducative.\n<\/h4>\t\t\t\t<\/div>\n\t\t\t\t<\/div>\n\t\t\t\t<div class=\"elementor-element elementor-element-38bf35f elementor-align-center elementor-widget elementor-widget-breadcrumbs\" data-id=\"38bf35f\" data-element_type=\"widget\" data-widget_type=\"breadcrumbs.default\">\n\t\t\t\t<div class=\"elementor-widget-container\">\n\t\t\t\t\t<nav aria-label=\"breadcrumbs\" class=\"rank-math-breadcrumb\"><p><span class=\"last\">Le coll\u00e8ge<\/span><\/p><\/nav>\t\t\t\t<\/div>\n\t\t\t\t<\/div>\n\t\t\t\t\t<\/div>\n\t\t\t\t<\/div>\n\t\t\t\t\t<\/div>\n\t\t\t\t<\/div>\n\t\t<div class=\"elementor-element elementor-element-c8a7b6b e-flex e-con-boxed e-con e-parent\" data-id=\"c8a7b6b\" data-element_type=\"container\" data-settings=\"{&quot;background_background&quot;:&quot;classic&quot;}\">\n\t\t\t\t\t<div class=\"e-con-inner\">\n\t\t<div class=\"elementor-element elementor-element-83355f5 e-con-full e-flex elementor-invisible e-con e-child\" data-id=\"83355f5\" data-element_type=\"container\" data-settings=\"{&quot;background_background&quot;:&quot;classic&quot;,&quot;animation&quot;:&quot;fadeInLeft&quot;}\">\n\t\t\t\t<div class=\"elementor-element elementor-element-2a8dcb0 elementor-widget elementor-widget-heading\" data-id=\"2a8dcb0\" data-element_type=\"widget\" data-widget_type=\"heading.default\">\n\t\t\t\t<div class=\"elementor-widget-container\">\n\t\t\t\t\t<h2 class=\"elementor-heading-title elementor-size-default\">Jean TABI <br>(1908 \u2013 1951)<\/h2>\t\t\t\t<\/div>\n\t\t\t\t<\/div>\n\t\t\t\t<\/div>\n\t\t<div class=\"elementor-element elementor-element-596dfe4 e-con-full e-flex elementor-invisible e-con e-child\" data-id=\"596dfe4\" data-element_type=\"container\" data-settings=\"{&quot;animation&quot;:&quot;fadeInRight&quot;}\">\n\t\t\t\t<div class=\"elementor-element elementor-element-fde15a8 elementor-widget elementor-widget-heading\" data-id=\"fde15a8\" data-element_type=\"widget\" data-widget_type=\"heading.default\">\n\t\t\t\t<div class=\"elementor-widget-container\">\n\t\t\t\t\t<div class=\"elementor-heading-title elementor-size-default\">L\u2019INCARNATION DE LA NOBLESSE SACERDOTALE !<br><br>\n\n L\u2019abb\u00e9 Jean TABI, n\u00e9 en 1908, est ordonn\u00e9 pr\u00eatre le 08 d\u00e9cembre 1935.\n<br><br>\nFils du cat\u00e9chiste Martin TABI NANG, qui fut le premier \u00e9wondo \u00e0 aller \u00e0 l\u2019\u00e9cole de Kribi, premier moniteur \u2013 cat\u00e9chiste, chef de son clan Mvog-Ada, il va conna\u00eetre une formation purement classique dans son cheminement vers le sacerdoce : Petit S\u00e9minaire en 1923, Grand S\u00e9minaire d\u00e8s 1927, deux ans d\u2019\u00e9preuves apr\u00e8s la philosophie elle aussi, et enfin les deux derni\u00e8res ann\u00e9es de th\u00e9ologie. Il passe sa deuxi\u00e8me ann\u00e9e d\u2019\u00e9preuve (1933 \u2013 1934) \u00e0 la mission d\u2019Efok.<br><br>L\u2019Abb\u00e9 Jean TABI conna\u00eet un riche apostolat. Il est tour \u00e0 tour Vicaire \u00e0 Bafia en 1936 et \u00e0 Mfumassi en 1941 o\u00f9 il a d\u00fb construire une \u00e9cole, comme l\u2019atteste l\u2019une de ses correspondances \u00e0 Mgr Vogt. Cur\u00e9 de Bikop de 1947 \u00e0 1950 en remplacement du P\u00e8re Gueguen et enfin premier Cur\u00e9 de Mebassa o\u00f9 il meurt. Il meurt le 21 avril 1951 alors qu\u2019il faisait les travaux de construction de l\u2019Eglise de Mebassa, bouscul\u00e9 sur sa motocyclette par le camionneur qui avait transport\u00e9 le bois devant servir \u00e0 la charpente de l\u2019Eglise\u00a0: la gangr\u00e8ne infecta le pied touch\u00e9. Il \u00e9tait question qu\u2019on l\u2019ampute. L\u2019Abb\u00e9 pria le Seigneur de le prendre plut\u00f4t que de vivre avec une jambe. C\u2019est ainsi qu\u2019il mourut. Il repose au cimeti\u00e8re de Mvoly\u00e9 \u2013 Yaound\u00e9.<br><br>D\u2019apr\u00e8s l\u2019Abb\u00e9 Pierre MANI, l\u2019Abb\u00e9 Jean Tabi avait une grande foi qui lui permettait d\u2019influer sur la vie de ses ouailles. Une rue lui est d\u00e9di\u00e9e au quartier Mvoly\u00e9 \u00e0 Yaound\u00e9, voie 7684.<\/div>\t\t\t\t<\/div>\n\t\t\t\t<\/div>\n\t\t\t\t<\/div>\n\t\t\t\t\t<\/div>\n\t\t\t\t<\/div>\n\t\t<div class=\"elementor-element elementor-element-b0234fa e-flex e-con-boxed e-con e-parent\" data-id=\"b0234fa\" data-element_type=\"container\">\n\t\t\t\t\t<div class=\"e-con-inner\">\n\t\t\t\t<div class=\"elementor-element elementor-element-52df21e elementor-widget elementor-widget-text-editor\" data-id=\"52df21e\" data-element_type=\"widget\" data-widget_type=\"text-editor.default\">\n\t\t\t\t<div class=\"elementor-widget-container\">\n\t\t\t\t\t\t\t\t\t<p>\u00a0Au moment o\u00f9 l\u2019Abb\u00e9 Lucien MANGA fonde un coll\u00e8ge \u00e0 Etoudi, le souvenir de ce pr\u00eatre mort il y a tout juste 5 ans est encore vivant dans les m\u00e9moires. L\u2019on comprend pourquoi on donnera son nom \u00e0 ce nouvel \u00e9tablissement scolaire. Ce pr\u00eatre, aux dires de Philippe Laburthe \u2013 Tolra, \u00e9tait pressenti pour devenir le premier auxiliaire de Mgr Graffin, si la mort ne l\u2019avait pas arrach\u00e9 si t\u00f4t, le samedi 21 avril 1951.<\/p><p>L\u2019on retient de l\u2019Abb\u00e9 Jean TABI qu\u2019il fut un Pr\u00eatre \u00e0 la pi\u00e9t\u00e9 exemplaire, correct dans sa tenue et dans son comportement. Il n\u2019h\u00e9sitait pas \u00e0 fulminer contre ce qu\u2019il trouvait inconvenant. C\u2019\u00e9tait un homme tr\u00e8s d\u00e9termin\u00e9, d\u2019une grande probit\u00e9 morale, r\u00e9put\u00e9 de thaumaturge. Il parlait tr\u00e8s bien fran\u00e7ais et \u00e9wondo. Tr\u00e8s poli et affectueux, il tenait \u00e0 \u00eatre correct \u00e0 cause de sa vision du sacerdoce.<\/p><p>Nous gardons de lui un souvenir imp\u00e9rissable d\u2019un serviteur d\u00e9vou\u00e9 et aim\u00e9 de ses fid\u00e8les.<\/p><p style=\"text-align: right;\">\u00a0\u00a0\u00a0\u00a0\u00a0\u00a0\u00a0\u00a0\u00a0\u00a0\u00a0\u00a0\u00a0\u00a0\u00a0\u00a0\u00a0\u00a0\u00a0\u00a0\u00a0\u00a0\u00a0\u00a0\u00a0\u00a0\u00a0\u00a0\u00a0\u00a0\u00a0\u00a0\u00a0\u00a0\u00a0\u00a0\u00a0\u00a0\u00a0\u00a0\u00a0\u00a0\u00a0\u00a0\u00a0\u00a0\u00a0\u00a0<\/p><p style=\"text-align: right;\">\u00a0\u00a0\u00a0\u00a0\u00a0\u00a0\u00a0\u00a0\u00a0\u00a0\u00a0\u00a0\u00a0\u00a0\u00a0\u00a0\u00a0\u00a0\u00a0\u00a0\u00a0\u00a0\u00a0\u00a0\u00a0\u00a0\u00a0\u00a0\u00a0\u00a0\u00a0\u00a0\u00a0\u00a0\u00a0\u00a0\u00a0\u00a0\u00a0\u00a0\u00a0\u00a0\u00a0\u00a0\u00a0\u00a0\u00a0\u00a0\u00a0\u00a0\u00a0\u00a0\u00a0\u00a0\u00a0\u00a0\u00a0\u00a0\u00a0 <strong>Abb\u00e9 Andr\u00e9 Yves SAMEKOMBA<\/strong><\/p><p style=\"text-align: right;\"><em><strong>Ref magazine Le Temps Jeantabien2015 Page 32<\/strong><\/em><\/p>\t\t\t\t\t\t\t\t<\/div>\n\t\t\t\t<\/div>\n\t\t\t\t\t<\/div>\n\t\t\t\t<\/div>\n\t\t<div class=\"elementor-element elementor-element-babbcfb e-flex e-con-boxed e-con e-parent\" data-id=\"babbcfb\" data-element_type=\"container\" data-settings=\"{&quot;background_background&quot;:&quot;classic&quot;}\">\n\t\t\t\t\t<div class=\"e-con-inner\">\n\t\t<div class=\"elementor-element elementor-element-49ab5b1 e-con-full e-flex elementor-invisible e-con e-child\" data-id=\"49ab5b1\" data-element_type=\"container\" data-settings=\"{&quot;animation&quot;:&quot;fadeInLeft&quot;}\">\n\t\t\t\t<div class=\"elementor-element elementor-element-2beef50 elementor-widget elementor-widget-heading\" data-id=\"2beef50\" data-element_type=\"widget\" data-widget_type=\"heading.default\">\n\t\t\t\t<div class=\"elementor-widget-container\">\n\t\t\t\t\t<h2 class=\"elementor-heading-title elementor-size-default\">Inscrivez votre enfant au Coll\u00e8ge Jean TABI<\/h2>\t\t\t\t<\/div>\n\t\t\t\t<\/div>\n\t\t\t\t<div class=\"elementor-element elementor-element-737d41c elementor-widget elementor-widget-text-editor\" data-id=\"737d41c\" data-element_type=\"widget\" data-widget_type=\"text-editor.default\">\n\t\t\t\t<div class=\"elementor-widget-container\">\n\t\t\t\t\t\t\t\t\t<p>Offrez \u00e0 votre enfant une scolarit\u00e9 de qualit\u00e9 alliant excellence acad\u00e9mique, discipline et valeurs chr\u00e9tiennes. L\u2019inscription se fait facilement en ligne via l\u2019Espace Parent.<\/p>\t\t\t\t\t\t\t\t<\/div>\n\t\t\t\t<\/div>\n\t\t\t\t<div class=\"elementor-element elementor-element-c2a3cd0 elementor-align-left elementor-widget elementor-widget-button\" data-id=\"c2a3cd0\" data-element_type=\"widget\" data-widget_type=\"button.default\">\n\t\t\t\t<div class=\"elementor-widget-container\">\n\t\t\t\t\t\t\t\t\t<div class=\"elementor-button-wrapper\">\n\t\t\t\t\t<a class=\"elementor-button elementor-button-link elementor-size-sm broken_link\" href=\"https:\/\/akiliprisma.akili-systems.com\/coly\/espaceparents\/001\/\" target=\"_blank\" rel=\"noopener\">\n\t\t\t\t\t\t<span class=\"elementor-button-content-wrapper\">\n\t\t\t\t\t\t<span class=\"elementor-button-icon\">\n\t\t\t\t<svg aria-hidden=\"true\" class=\"e-font-icon-svg e-far-user-circle\" viewBox=\"0 0 496 512\" xmlns=\"http:\/\/www.w3.org\/2000\/svg\"><path d=\"M248 104c-53 0-96 43-96 96s43 96 96 96 96-43 96-96-43-96-96-96zm0 144c-26.5 0-48-21.5-48-48s21.5-48 48-48 48 21.5 48 48-21.5 48-48 48zm0-240C111 8 0 119 0 256s111 248 248 248 248-111 248-248S385 8 248 8zm0 448c-49.7 0-95.1-18.3-130.1-48.4 14.9-23 40.4-38.6 69.6-39.5 20.8 6.4 40.6 9.6 60.5 9.6s39.7-3.1 60.5-9.6c29.2 1 54.7 16.5 69.6 39.5-35 30.1-80.4 48.4-130.1 48.4zm162.7-84.1c-24.4-31.4-62.1-51.9-105.1-51.9-10.2 0-26 9.6-57.6 9.6-31.5 0-47.4-9.6-57.6-9.6-42.9 0-80.6 20.5-105.1 51.9C61.9 339.2 48 299.2 48 256c0-110.3 89.7-200 200-200s200 89.7 200 200c0 43.2-13.9 83.2-37.3 115.9z\"><\/path><\/svg>\t\t\t<\/span>\n\t\t\t\t\t\t\t\t\t<span class=\"elementor-button-text\">Coectez-vous mainntenant<\/span>\n\t\t\t\t\t<\/span>\n\t\t\t\t\t<\/a>\n\t\t\t\t<\/div>\n\t\t\t\t\t\t\t\t<\/div>\n\t\t\t\t<\/div>\n\t\t\t\t<\/div>\n\t\t\t\t\t<\/div>\n\t\t\t\t<\/div>\n\t\t\t\t<\/div>\n\t\t","protected":false},"excerpt":{"rendered":"<p>Qui \u00e9tait Jean Tabi ? \u2013 Fondateur du Coll\u00e8ge Jean-Tabi D\u00e9couvrez l\u2019h\u00e9ritage de Jean Tabi (1908\u20131951), pr\u00eatre \u00e0 qui le Coll\u00e8ge Jean-Tabi rend hommage, fond\u00e9 \u00e0 Yaound\u00e9 en 1956. Histoire et port\u00e9e \u00e9ducative. Le coll\u00e8ge Jean TABI (1908 \u2013 1951) L\u2019INCARNATION DE LA NOBLESSE SACERDOTALE ! L\u2019abb\u00e9 Jean TABI, n\u00e9 en 1908, est ordonn\u00e9 pr\u00eatre [&hellip;]<\/p>\n","protected":false},"author":1,"featured_media":0,"parent":0,"menu_order":0,"comment_status":"closed","ping_status":"open","template":"","meta":{"rank_math_robots":"","footnotes":""},"class_list":["post-204","page","type-page","status-publish","hentry"],"_links":{"self":[{"href":"https:\/\/www.collegejeantabi.org\/fr_fr\/wp-json\/wp\/v2\/pages\/204","targetHints":{"allow":["GET"]}}],"collection":[{"href":"https:\/\/www.collegejeantabi.org\/fr_fr\/wp-json\/wp\/v2\/pages"}],"about":[{"href":"https:\/\/www.collegejeantabi.org\/fr_fr\/wp-json\/wp\/v2\/types\/page"}],"author":[{"embeddable":true,"href":"https:\/\/www.collegejeantabi.org\/fr_fr\/wp-json\/wp\/v2\/users\/1"}],"replies":[{"embeddable":true,"href":"https:\/\/www.collegejeantabi.org\/fr_fr\/wp-json\/wp\/v2\/comments?post=204"}],"version-history":[{"count":22,"href":"https:\/\/www.collegejeantabi.org\/fr_fr\/wp-json\/wp\/v2\/pages\/204\/revisions"}],"predecessor-version":[{"id":584,"href":"https:\/\/www.collegejeantabi.org\/fr_fr\/wp-json\/wp\/v2\/pages\/204\/revisions\/584"}],"wp:attachment":[{"href":"https:\/\/www.collegejeantabi.org\/fr_fr\/wp-json\/wp\/v2\/media?parent=204"}],"curies":[{"name":"wp","href":"https:\/\/api.w.org\/{rel}","templated":true}]}}