{"id":197,"date":"2025-08-21T07:41:58","date_gmt":"2025-08-21T07:41:58","guid":{"rendered":"https:\/\/www.dev1.mevogroup.com\/?page_id=197"},"modified":"2025-08-21T22:17:16","modified_gmt":"2025-08-21T22:17:16","slug":"projets-educatifs","status":"publish","type":"page","link":"https:\/\/www.collegejeantabi.org\/fr_fr\/projets-educatifs\/","title":{"rendered":"Projets \u00e9ducatifs"},"content":{"rendered":"\t\t<div data-elementor-type=\"wp-page\" data-elementor-id=\"197\" class=\"elementor elementor-197\" data-elementor-post-type=\"page\">\n\t\t\t\t<div class=\"elementor-element elementor-element-42fa29c e-flex e-con-boxed e-con e-parent\" data-id=\"42fa29c\" data-element_type=\"container\" data-settings=\"{&quot;background_background&quot;:&quot;classic&quot;}\">\n\t\t\t\t\t<div class=\"e-con-inner\">\n\t\t<div class=\"elementor-element elementor-element-87b5646 e-flex e-con-boxed e-con e-child\" data-id=\"87b5646\" data-element_type=\"container\">\n\t\t\t\t\t<div class=\"e-con-inner\">\n\t\t\t\t<div class=\"elementor-element elementor-element-502f176 elementor-invisible elementor-widget elementor-widget-heading\" data-id=\"502f176\" data-element_type=\"widget\" data-settings=\"{&quot;_animation&quot;:&quot;fadeInUp&quot;}\" data-widget_type=\"heading.default\">\n\t\t\t\t<div class=\"elementor-widget-container\">\n\t\t\t\t\t<h1 class=\"elementor-heading-title elementor-size-default\">Projets \u00e9ducatifs au Coll\u00e8ge Jean TABI<\/h1>\t\t\t\t<\/div>\n\t\t\t\t<\/div>\n\t\t\t\t<div class=\"elementor-element elementor-element-f6b611e elementor-invisible elementor-widget elementor-widget-heading\" data-id=\"f6b611e\" data-element_type=\"widget\" data-settings=\"{&quot;_animation&quot;:&quot;fadeInUp&quot;,&quot;_animation_delay&quot;:200}\" data-widget_type=\"heading.default\">\n\t\t\t\t<div class=\"elementor-widget-container\">\n\t\t\t\t\t<h4 class=\"elementor-heading-title elementor-size-default\">D\u00e9couvrez les axes cl\u00e9s des projets \u00e9ducatifs du Coll\u00e8ge Jean TABI : renouveau spirituel, engagement \u00e9cologique, excellence p\u00e9dagogique, esprit d\u2019\u00e9quipe, bilinguisme et multiculturalisme.<\/h4>\t\t\t\t<\/div>\n\t\t\t\t<\/div>\n\t\t\t\t<div class=\"elementor-element elementor-element-f72c91b elementor-align-center elementor-widget elementor-widget-breadcrumbs\" data-id=\"f72c91b\" data-element_type=\"widget\" data-widget_type=\"breadcrumbs.default\">\n\t\t\t\t<div class=\"elementor-widget-container\">\n\t\t\t\t\t<nav aria-label=\"breadcrumbs\" class=\"rank-math-breadcrumb\"><p><span class=\"last\">Le coll\u00e8ge<\/span><\/p><\/nav>\t\t\t\t<\/div>\n\t\t\t\t<\/div>\n\t\t\t\t\t<\/div>\n\t\t\t\t<\/div>\n\t\t\t\t\t<\/div>\n\t\t\t\t<\/div>\n\t\t<div class=\"elementor-element elementor-element-5e80a20 e-flex e-con-boxed e-con e-parent\" data-id=\"5e80a20\" data-element_type=\"container\">\n\t\t\t\t\t<div class=\"e-con-inner\">\n\t\t\t\t<div class=\"elementor-element elementor-element-63eb5e7 elementor-widget elementor-widget-text-editor\" data-id=\"63eb5e7\" data-element_type=\"widget\" data-widget_type=\"text-editor.default\">\n\t\t\t\t<div class=\"elementor-widget-container\">\n\t\t\t\t\t\t\t\t\t\n\nLe projet \u00e9ducatif du coll\u00e8ge Jean Tabi  est con\u00e7u dans l\u2019intention d\u2019offrir une \u00e9ducation de qualit\u00e9 aux jeunes \u00e9l\u00e8ves sans distinction de religion et de promouvoir la formation et l\u2019accompagnement des formateurs.\n\nL\u2019objet g\u00e9n\u00e9ral du coll\u00e8ge qui est de \u00ab consolider davantage la coop\u00e9ration en s\u2019adaptant aux changements pour une formation de qualit\u00e9 du Jeantabien \u00bb se d\u00e9cline autour de cinq principaux axes \u00e0 savoir :\nSpirituel\n\nRaviver la foi dans les c\u0153urs\n\t\t\t\t\t\t\t\t<\/div>\n\t\t\t\t<\/div>\n\t\t<div class=\"elementor-element elementor-element-f740f49 e-grid e-con-full e-con e-child\" data-id=\"f740f49\" data-element_type=\"container\">\n\t\t<div class=\"elementor-element elementor-element-0a82d0d e-con-full e-flex elementor-invisible e-con e-child\" data-id=\"0a82d0d\" data-element_type=\"container\" data-settings=\"{&quot;background_background&quot;:&quot;classic&quot;,&quot;animation&quot;:&quot;fadeInRight&quot;}\">\n\t\t\t\t<div class=\"elementor-element elementor-element-d75b0e7 elementor-view-default elementor-position-top elementor-mobile-position-top elementor-widget elementor-widget-icon-box\" data-id=\"d75b0e7\" data-element_type=\"widget\" data-widget_type=\"icon-box.default\">\n\t\t\t\t<div class=\"elementor-widget-container\">\n\t\t\t\t\t\t\t<div class=\"elementor-icon-box-wrapper\">\n\n\t\t\t\t\t\t<div class=\"elementor-icon-box-icon\">\n\t\t\t\t<span  class=\"elementor-icon\">\n\t\t\t\t<svg aria-hidden=\"true\" class=\"e-font-icon-svg e-fas-hand-holding-heart\" viewBox=\"0 0 576 512\" xmlns=\"http:\/\/www.w3.org\/2000\/svg\"><path d=\"M275.3 250.5c7 7.4 18.4 7.4 25.5 0l108.9-114.2c31.6-33.2 29.8-88.2-5.6-118.8-30.8-26.7-76.7-21.9-104.9 7.7L288 36.9l-11.1-11.6C248.7-4.4 202.8-9.2 172 17.5c-35.3 30.6-37.2 85.6-5.6 118.8l108.9 114.2zm290 77.6c-11.8-10.7-30.2-10-42.6 0L430.3 402c-11.3 9.1-25.4 14-40 14H272c-8.8 0-16-7.2-16-16s7.2-16 16-16h78.3c15.9 0 30.7-10.9 33.3-26.6 3.3-20-12.1-37.4-31.6-37.4H192c-27 0-53.1 9.3-74.1 26.3L71.4 384H16c-8.8 0-16 7.2-16 16v96c0 8.8 7.2 16 16 16h356.8c14.5 0 28.6-4.9 40-14L564 377c15.2-12.1 16.4-35.3 1.3-48.9z\"><\/path><\/svg>\t\t\t\t<\/span>\n\t\t\t<\/div>\n\t\t\t\n\t\t\t\t\t\t<div class=\"elementor-icon-box-content\">\n\n\t\t\t\t\t\t\t\t\t<div class=\"elementor-icon-box-title\">\n\t\t\t\t\t\t<span  >\n\t\t\t\t\t\t\tSpirituel \t\t\t\t\t\t<\/span>\n\t\t\t\t\t<\/div>\n\t\t\t\t\n\t\t\t\t\t\t\t\t\t<p class=\"elementor-icon-box-description\">\n\t\t\t\t\t\tAu Coll\u00e8ge Jean TABI, le projet spirituel vise \u00e0 raviver la foi dans les c\u0153urs, renforcer les valeurs chr\u00e9tiennes, cultiver la pri\u00e8re et inspirer les \u00e9l\u00e8ves \u00e0 vivre l\u2019\u00c9vangile au quotidien.\t\t\t\t\t<\/p>\n\t\t\t\t\n\t\t\t<\/div>\n\t\t\t\n\t\t<\/div>\n\t\t\t\t\t\t<\/div>\n\t\t\t\t<\/div>\n\t\t\t\t<\/div>\n\t\t<div class=\"elementor-element elementor-element-6e04193 e-con-full e-flex elementor-invisible e-con e-child\" data-id=\"6e04193\" data-element_type=\"container\" data-settings=\"{&quot;background_background&quot;:&quot;classic&quot;,&quot;animation&quot;:&quot;fadeInRight&quot;}\">\n\t\t\t\t<div class=\"elementor-element elementor-element-19c889a elementor-view-default elementor-position-top elementor-mobile-position-top elementor-widget elementor-widget-icon-box\" data-id=\"19c889a\" data-element_type=\"widget\" data-widget_type=\"icon-box.default\">\n\t\t\t\t<div class=\"elementor-widget-container\">\n\t\t\t\t\t\t\t<div class=\"elementor-icon-box-wrapper\">\n\n\t\t\t\t\t\t<div class=\"elementor-icon-box-icon\">\n\t\t\t\t<span  class=\"elementor-icon\">\n\t\t\t\t<svg aria-hidden=\"true\" class=\"e-font-icon-svg e-fab-envira\" viewBox=\"0 0 448 512\" xmlns=\"http:\/\/www.w3.org\/2000\/svg\"><path d=\"M0 32c477.6 0 366.6 317.3 367.1 366.3L448 480h-26l-70.4-71.2c-39 4.2-124.4 34.5-214.4-37C47 300.3 52 214.7 0 32zm79.7 46c-49.7-23.5-5.2 9.2-5.2 9.2 45.2 31.2 66 73.7 90.2 119.9 31.5 60.2 79 139.7 144.2 167.7 65 28 34.2 12.5 6-8.5-28.2-21.2-68.2-87-91-130.2-31.7-60-61-118.6-144.2-158.1z\"><\/path><\/svg>\t\t\t\t<\/span>\n\t\t\t<\/div>\n\t\t\t\n\t\t\t\t\t\t<div class=\"elementor-icon-box-content\">\n\n\t\t\t\t\t\t\t\t\t<div class=\"elementor-icon-box-title\">\n\t\t\t\t\t\t<span  >\n\t\t\t\t\t\t\tEnvironnement\t\t\t\t\t\t<\/span>\n\t\t\t\t\t<\/div>\n\t\t\t\t\n\t\t\t\t\t\t\t\t\t<p class=\"elementor-icon-box-description\">\n\t\t\t\t\t\tLe Coll\u00e8ge Jean TABI encourage ses \u00e9l\u00e8ves \u00e0 promouvoir l\u2019esprit \u00e9cologique, prot\u00e9ger la cr\u00e9ation, adopter des gestes responsables et d\u00e9velopper une conscience citoyenne face aux d\u00e9fis environnementaux actuels.\t\t\t\t\t<\/p>\n\t\t\t\t\n\t\t\t<\/div>\n\t\t\t\n\t\t<\/div>\n\t\t\t\t\t\t<\/div>\n\t\t\t\t<\/div>\n\t\t\t\t<\/div>\n\t\t<div class=\"elementor-element elementor-element-65022e0 e-con-full e-flex elementor-invisible e-con e-child\" data-id=\"65022e0\" data-element_type=\"container\" data-settings=\"{&quot;background_background&quot;:&quot;classic&quot;,&quot;animation&quot;:&quot;fadeInRight&quot;}\">\n\t\t\t\t<div class=\"elementor-element elementor-element-2c4192d elementor-view-default elementor-position-top elementor-mobile-position-top elementor-widget elementor-widget-icon-box\" data-id=\"2c4192d\" data-element_type=\"widget\" data-widget_type=\"icon-box.default\">\n\t\t\t\t<div class=\"elementor-widget-container\">\n\t\t\t\t\t\t\t<div class=\"elementor-icon-box-wrapper\">\n\n\t\t\t\t\t\t<div class=\"elementor-icon-box-icon\">\n\t\t\t\t<span  class=\"elementor-icon\">\n\t\t\t\t<svg aria-hidden=\"true\" class=\"e-font-icon-svg e-fas-book-open\" viewBox=\"0 0 576 512\" xmlns=\"http:\/\/www.w3.org\/2000\/svg\"><path d=\"M542.22 32.05c-54.8 3.11-163.72 14.43-230.96 55.59-4.64 2.84-7.27 7.89-7.27 13.17v363.87c0 11.55 12.63 18.85 23.28 13.49 69.18-34.82 169.23-44.32 218.7-46.92 16.89-.89 30.02-14.43 30.02-30.66V62.75c.01-17.71-15.35-31.74-33.77-30.7zM264.73 87.64C197.5 46.48 88.58 35.17 33.78 32.05 15.36 31.01 0 45.04 0 62.75V400.6c0 16.24 13.13 29.78 30.02 30.66 49.49 2.6 149.59 12.11 218.77 46.95 10.62 5.35 23.21-1.94 23.21-13.46V100.63c0-5.29-2.62-10.14-7.27-12.99z\"><\/path><\/svg>\t\t\t\t<\/span>\n\t\t\t<\/div>\n\t\t\t\n\t\t\t\t\t\t<div class=\"elementor-icon-box-content\">\n\n\t\t\t\t\t\t\t\t\t<div class=\"elementor-icon-box-title\">\n\t\t\t\t\t\t<span  >\n\t\t\t\t\t\t\tP\u00e9dagogique \t\t\t\t\t\t<\/span>\n\t\t\t\t\t<\/div>\n\t\t\t\t\n\t\t\t\t\t\t\t\t\t<p class=\"elementor-icon-box-description\">\n\t\t\t\t\t\tLe Coll\u00e8ge Jean TABI s\u2019engage \u00e0 consolider le travail dans le cadre formel de concertation, \u00e0 impl\u00e9menter les changements et nouveaux programmes, et \u00e0 valoriser l\u2019excellence acad\u00e9mique pour former des \u00e9l\u00e8ves comp\u00e9tents et ouverts sur le monde.\t\t\t\t\t<\/p>\n\t\t\t\t\n\t\t\t<\/div>\n\t\t\t\n\t\t<\/div>\n\t\t\t\t\t\t<\/div>\n\t\t\t\t<\/div>\n\t\t\t\t<\/div>\n\t\t<div class=\"elementor-element elementor-element-1e59258 e-con-full e-flex elementor-invisible e-con e-child\" data-id=\"1e59258\" data-element_type=\"container\" data-settings=\"{&quot;background_background&quot;:&quot;classic&quot;,&quot;animation&quot;:&quot;fadeInRight&quot;}\">\n\t\t\t\t<div class=\"elementor-element elementor-element-1f25e34 elementor-view-default elementor-position-top elementor-mobile-position-top elementor-widget elementor-widget-icon-box\" data-id=\"1f25e34\" data-element_type=\"widget\" data-widget_type=\"icon-box.default\">\n\t\t\t\t<div class=\"elementor-widget-container\">\n\t\t\t\t\t\t\t<div class=\"elementor-icon-box-wrapper\">\n\n\t\t\t\t\t\t<div class=\"elementor-icon-box-icon\">\n\t\t\t\t<span  class=\"elementor-icon\">\n\t\t\t\t<svg aria-hidden=\"true\" class=\"e-font-icon-svg e-fas-users\" viewBox=\"0 0 640 512\" xmlns=\"http:\/\/www.w3.org\/2000\/svg\"><path d=\"M96 224c35.3 0 64-28.7 64-64s-28.7-64-64-64-64 28.7-64 64 28.7 64 64 64zm448 0c35.3 0 64-28.7 64-64s-28.7-64-64-64-64 28.7-64 64 28.7 64 64 64zm32 32h-64c-17.6 0-33.5 7.1-45.1 18.6 40.3 22.1 68.9 62 75.1 109.4h66c17.7 0 32-14.3 32-32v-32c0-35.3-28.7-64-64-64zm-256 0c61.9 0 112-50.1 112-112S381.9 32 320 32 208 82.1 208 144s50.1 112 112 112zm76.8 32h-8.3c-20.8 10-43.9 16-68.5 16s-47.6-6-68.5-16h-8.3C179.6 288 128 339.6 128 403.2V432c0 26.5 21.5 48 48 48h288c26.5 0 48-21.5 48-48v-28.8c0-63.6-51.6-115.2-115.2-115.2zm-223.7-13.4C161.5 263.1 145.6 256 128 256H64c-35.3 0-64 28.7-64 64v32c0 17.7 14.3 32 32 32h65.9c6.3-47.4 34.9-87.3 75.2-109.4z\"><\/path><\/svg>\t\t\t\t<\/span>\n\t\t\t<\/div>\n\t\t\t\n\t\t\t\t\t\t<div class=\"elementor-icon-box-content\">\n\n\t\t\t\t\t\t\t\t\t<div class=\"elementor-icon-box-title\">\n\t\t\t\t\t\t<span  >\n\t\t\t\t\t\t\tHumain\t\t\t\t\t\t<\/span>\n\t\t\t\t\t<\/div>\n\t\t\t\t\n\t\t\t\t\t\t\t\t\t<p class=\"elementor-icon-box-description\">\n\t\t\t\t\t\tLe Coll\u00e8ge Jean TABI veille \u00e0 affermir l\u2019esprit d\u2019\u00e9quipe entre \u00e9l\u00e8ves, parents et \u00e9ducateurs, tout en prot\u00e9geant le patrimoine mat\u00e9riel et immat\u00e9riel qui fait la richesse et l\u2019identit\u00e9 de l\u2019\u00e9tablissement.\t\t\t\t\t<\/p>\n\t\t\t\t\n\t\t\t<\/div>\n\t\t\t\n\t\t<\/div>\n\t\t\t\t\t\t<\/div>\n\t\t\t\t<\/div>\n\t\t\t\t<\/div>\n\t\t<div class=\"elementor-element elementor-element-8b3e61a e-con-full e-flex elementor-invisible e-con e-child\" data-id=\"8b3e61a\" data-element_type=\"container\" data-settings=\"{&quot;background_background&quot;:&quot;classic&quot;,&quot;animation&quot;:&quot;fadeInRight&quot;}\">\n\t\t\t\t<div class=\"elementor-element elementor-element-f0b875e elementor-view-default elementor-position-top elementor-mobile-position-top elementor-widget elementor-widget-icon-box\" data-id=\"f0b875e\" data-element_type=\"widget\" data-widget_type=\"icon-box.default\">\n\t\t\t\t<div class=\"elementor-widget-container\">\n\t\t\t\t\t\t\t<div class=\"elementor-icon-box-wrapper\">\n\n\t\t\t\t\t\t<div class=\"elementor-icon-box-icon\">\n\t\t\t\t<span  class=\"elementor-icon\">\n\t\t\t\t<svg aria-hidden=\"true\" class=\"e-font-icon-svg e-far-comments\" viewBox=\"0 0 576 512\" xmlns=\"http:\/\/www.w3.org\/2000\/svg\"><path d=\"M532 386.2c27.5-27.1 44-61.1 44-98.2 0-80-76.5-146.1-176.2-157.9C368.3 72.5 294.3 32 208 32 93.1 32 0 103.6 0 192c0 37 16.5 71 44 98.2-15.3 30.7-37.3 54.5-37.7 54.9-6.3 6.7-8.1 16.5-4.4 25 3.6 8.5 12 14 21.2 14 53.5 0 96.7-20.2 125.2-38.8 9.2 2.1 18.7 3.7 28.4 4.9C208.1 407.6 281.8 448 368 448c20.8 0 40.8-2.4 59.8-6.8C456.3 459.7 499.4 480 553 480c9.2 0 17.5-5.5 21.2-14 3.6-8.5 1.9-18.3-4.4-25-.4-.3-22.5-24.1-37.8-54.8zm-392.8-92.3L122.1 305c-14.1 9.1-28.5 16.3-43.1 21.4 2.7-4.7 5.4-9.7 8-14.8l15.5-31.1L77.7 256C64.2 242.6 48 220.7 48 192c0-60.7 73.3-112 160-112s160 51.3 160 112-73.3 112-160 112c-16.5 0-33-1.9-49-5.6l-19.8-4.5zM498.3 352l-24.7 24.4 15.5 31.1c2.6 5.1 5.3 10.1 8 14.8-14.6-5.1-29-12.3-43.1-21.4l-17.1-11.1-19.9 4.6c-16 3.7-32.5 5.6-49 5.6-54 0-102.2-20.1-131.3-49.7C338 339.5 416 272.9 416 192c0-3.4-.4-6.7-.7-10C479.7 196.5 528 238.8 528 288c0 28.7-16.2 50.6-29.7 64z\"><\/path><\/svg>\t\t\t\t<\/span>\n\t\t\t<\/div>\n\t\t\t\n\t\t\t\t\t\t<div class=\"elementor-icon-box-content\">\n\n\t\t\t\t\t\t\t\t\t<div class=\"elementor-icon-box-title\">\n\t\t\t\t\t\t<span  >\n\t\t\t\t\t\t\tSocial\t\t\t\t\t\t<\/span>\n\t\t\t\t\t<\/div>\n\t\t\t\t\n\t\t\t\t\t\t\t\t\t<p class=\"elementor-icon-box-description\">\n\t\t\t\t\t\tLe Coll\u00e8ge Jean TABI s\u2019engage \u00e0 poursuivre la promotion du bilinguisme et du multiculturalisme, favorisant ainsi une \u00e9ducation ouverte sur la diversit\u00e9 culturelle et sur le monde.\t\t\t\t\t<\/p>\n\t\t\t\t\n\t\t\t<\/div>\n\t\t\t\n\t\t<\/div>\n\t\t\t\t\t\t<\/div>\n\t\t\t\t<\/div>\n\t\t\t\t<\/div>\n\t\t\t\t<\/div>\n\t\t\t\t\t<\/div>\n\t\t\t\t<\/div>\n\t\t<div class=\"elementor-element elementor-element-f4413cc e-flex e-con-boxed e-con e-parent\" data-id=\"f4413cc\" data-element_type=\"container\" data-settings=\"{&quot;background_background&quot;:&quot;classic&quot;}\">\n\t\t\t\t\t<div class=\"e-con-inner\">\n\t\t<div class=\"elementor-element elementor-element-a68f826 e-con-full e-flex elementor-invisible e-con e-child\" data-id=\"a68f826\" data-element_type=\"container\" data-settings=\"{&quot;animation&quot;:&quot;fadeInLeft&quot;}\">\n\t\t\t\t<div class=\"elementor-element elementor-element-fa56161 elementor-widget elementor-widget-heading\" data-id=\"fa56161\" data-element_type=\"widget\" data-widget_type=\"heading.default\">\n\t\t\t\t<div class=\"elementor-widget-container\">\n\t\t\t\t\t<h2 class=\"elementor-heading-title elementor-size-default\">Inscrivez votre enfant au Coll\u00e8ge Jean TABI<\/h2>\t\t\t\t<\/div>\n\t\t\t\t<\/div>\n\t\t\t\t<div class=\"elementor-element elementor-element-27716ae elementor-widget elementor-widget-text-editor\" data-id=\"27716ae\" data-element_type=\"widget\" data-widget_type=\"text-editor.default\">\n\t\t\t\t<div class=\"elementor-widget-container\">\n\t\t\t\t\t\t\t\t\t<p>Offrez \u00e0 votre enfant une scolarit\u00e9 de qualit\u00e9 alliant excellence acad\u00e9mique, discipline et valeurs chr\u00e9tiennes. L\u2019inscription se fait facilement en ligne via l\u2019Espace Parent.<\/p>\t\t\t\t\t\t\t\t<\/div>\n\t\t\t\t<\/div>\n\t\t\t\t<div class=\"elementor-element elementor-element-3728ed2 elementor-align-left elementor-widget elementor-widget-button\" data-id=\"3728ed2\" data-element_type=\"widget\" data-widget_type=\"button.default\">\n\t\t\t\t<div class=\"elementor-widget-container\">\n\t\t\t\t\t\t\t\t\t<div class=\"elementor-button-wrapper\">\n\t\t\t\t\t<a class=\"elementor-button elementor-button-link elementor-size-sm broken_link\" href=\"https:\/\/akiliprisma.akili-systems.com\/coly\/espaceparents\/001\/\" target=\"_blank\" rel=\"noopener\">\n\t\t\t\t\t\t<span class=\"elementor-button-content-wrapper\">\n\t\t\t\t\t\t<span class=\"elementor-button-icon\">\n\t\t\t\t<svg aria-hidden=\"true\" class=\"e-font-icon-svg e-far-user-circle\" viewBox=\"0 0 496 512\" xmlns=\"http:\/\/www.w3.org\/2000\/svg\"><path d=\"M248 104c-53 0-96 43-96 96s43 96 96 96 96-43 96-96-43-96-96-96zm0 144c-26.5 0-48-21.5-48-48s21.5-48 48-48 48 21.5 48 48-21.5 48-48 48zm0-240C111 8 0 119 0 256s111 248 248 248 248-111 248-248S385 8 248 8zm0 448c-49.7 0-95.1-18.3-130.1-48.4 14.9-23 40.4-38.6 69.6-39.5 20.8 6.4 40.6 9.6 60.5 9.6s39.7-3.1 60.5-9.6c29.2 1 54.7 16.5 69.6 39.5-35 30.1-80.4 48.4-130.1 48.4zm162.7-84.1c-24.4-31.4-62.1-51.9-105.1-51.9-10.2 0-26 9.6-57.6 9.6-31.5 0-47.4-9.6-57.6-9.6-42.9 0-80.6 20.5-105.1 51.9C61.9 339.2 48 299.2 48 256c0-110.3 89.7-200 200-200s200 89.7 200 200c0 43.2-13.9 83.2-37.3 115.9z\"><\/path><\/svg>\t\t\t<\/span>\n\t\t\t\t\t\t\t\t\t<span class=\"elementor-button-text\">Connectez-vous mainntenant<\/span>\n\t\t\t\t\t<\/span>\n\t\t\t\t\t<\/a>\n\t\t\t\t<\/div>\n\t\t\t\t\t\t\t\t<\/div>\n\t\t\t\t<\/div>\n\t\t\t\t<\/div>\n\t\t\t\t\t<\/div>\n\t\t\t\t<\/div>\n\t\t\t\t<\/div>\n\t\t","protected":false},"excerpt":{"rendered":"<p>Projets \u00e9ducatifs au Coll\u00e8ge Jean TABI D\u00e9couvrez les axes cl\u00e9s des projets \u00e9ducatifs du Coll\u00e8ge Jean TABI : renouveau spirituel, engagement \u00e9cologique, excellence p\u00e9dagogique, esprit d\u2019\u00e9quipe, bilinguisme et multiculturalisme. Le coll\u00e8ge Le projet \u00e9ducatif du coll\u00e8ge Jean Tabi est con\u00e7u dans l\u2019intention d\u2019offrir une \u00e9ducation de qualit\u00e9 aux jeunes \u00e9l\u00e8ves sans distinction de religion et [&hellip;]<\/p>\n","protected":false},"author":1,"featured_media":0,"parent":0,"menu_order":0,"comment_status":"closed","ping_status":"open","template":"","meta":{"rank_math_robots":"","footnotes":""},"class_list":["post-197","page","type-page","status-publish","hentry"],"_links":{"self":[{"href":"https:\/\/www.collegejeantabi.org\/fr_fr\/wp-json\/wp\/v2\/pages\/197","targetHints":{"allow":["GET"]}}],"collection":[{"href":"https:\/\/www.collegejeantabi.org\/fr_fr\/wp-json\/wp\/v2\/pages"}],"about":[{"href":"https:\/\/www.collegejeantabi.org\/fr_fr\/wp-json\/wp\/v2\/types\/page"}],"author":[{"embeddable":true,"href":"https:\/\/www.collegejeantabi.org\/fr_fr\/wp-json\/wp\/v2\/users\/1"}],"replies":[{"embeddable":true,"href":"https:\/\/www.collegejeantabi.org\/fr_fr\/wp-json\/wp\/v2\/comments?post=197"}],"version-history":[{"count":19,"href":"https:\/\/www.collegejeantabi.org\/fr_fr\/wp-json\/wp\/v2\/pages\/197\/revisions"}],"predecessor-version":[{"id":599,"href":"https:\/\/www.collegejeantabi.org\/fr_fr\/wp-json\/wp\/v2\/pages\/197\/revisions\/599"}],"wp:attachment":[{"href":"https:\/\/www.collegejeantabi.org\/fr_fr\/wp-json\/wp\/v2\/media?parent=197"}],"curies":[{"name":"wp","href":"https:\/\/api.w.org\/{rel}","templated":true}]}}