{"id":195,"date":"2025-08-21T07:41:22","date_gmt":"2025-08-21T07:41:22","guid":{"rendered":"https:\/\/www.dev1.mevogroup.com\/?page_id=195"},"modified":"2025-08-21T21:27:53","modified_gmt":"2025-08-21T21:27:53","slug":"mot-de-la-soeur-principale","status":"publish","type":"page","link":"https:\/\/www.collegejeantabi.org\/fr_fr\/mot-de-la-soeur-principale\/","title":{"rendered":"Mot de la s\u0153ur principale"},"content":{"rendered":"\t\t<div data-elementor-type=\"wp-page\" data-elementor-id=\"195\" class=\"elementor elementor-195\" data-elementor-post-type=\"page\">\n\t\t\t\t<div class=\"elementor-element elementor-element-74aef9f e-flex e-con-boxed e-con e-parent\" data-id=\"74aef9f\" data-element_type=\"container\" data-settings=\"{&quot;background_background&quot;:&quot;classic&quot;}\">\n\t\t\t\t\t<div class=\"e-con-inner\">\n\t\t<div class=\"elementor-element elementor-element-91b1d15 e-flex e-con-boxed e-con e-child\" data-id=\"91b1d15\" data-element_type=\"container\">\n\t\t\t\t\t<div class=\"e-con-inner\">\n\t\t\t\t<div class=\"elementor-element elementor-element-0314669 elementor-invisible elementor-widget elementor-widget-heading\" data-id=\"0314669\" data-element_type=\"widget\" data-settings=\"{&quot;_animation&quot;:&quot;fadeInUp&quot;}\" data-widget_type=\"heading.default\">\n\t\t\t\t<div class=\"elementor-widget-container\">\n\t\t\t\t\t<h1 class=\"elementor-heading-title elementor-size-default\">Mot de la S\u0153ur Principale<\/h1>\t\t\t\t<\/div>\n\t\t\t\t<\/div>\n\t\t\t\t<div class=\"elementor-element elementor-element-c82d3a5 elementor-invisible elementor-widget elementor-widget-heading\" data-id=\"c82d3a5\" data-element_type=\"widget\" data-settings=\"{&quot;_animation&quot;:&quot;fadeInUp&quot;,&quot;_animation_delay&quot;:200}\" data-widget_type=\"heading.default\">\n\t\t\t\t<div class=\"elementor-widget-container\">\n\t\t\t\t\t<h4 class=\"elementor-heading-title elementor-size-default\">D\u00e9couvrez le discours de bienvenue de la S\u0153ur Principale du Coll\u00e8ge Jean TABI \u00e0 Yaound\u00e9, un message inspirant alliant pri\u00e8re, discipline, excellence scolaire et valeurs \u00e9cologiques.<\/h4>\t\t\t\t<\/div>\n\t\t\t\t<\/div>\n\t\t\t\t<div class=\"elementor-element elementor-element-18eb388 elementor-align-center elementor-widget elementor-widget-breadcrumbs\" data-id=\"18eb388\" data-element_type=\"widget\" data-widget_type=\"breadcrumbs.default\">\n\t\t\t\t<div class=\"elementor-widget-container\">\n\t\t\t\t\t<nav aria-label=\"breadcrumbs\" class=\"rank-math-breadcrumb\"><p><span class=\"last\">Le coll\u00e8ge<\/span><\/p><\/nav>\t\t\t\t<\/div>\n\t\t\t\t<\/div>\n\t\t\t\t\t<\/div>\n\t\t\t\t<\/div>\n\t\t\t\t\t<\/div>\n\t\t\t\t<\/div>\n\t\t<div class=\"elementor-element elementor-element-f2e4e21 e-flex e-con-boxed e-con e-parent\" data-id=\"f2e4e21\" data-element_type=\"container\">\n\t\t\t\t\t<div class=\"e-con-inner\">\n\t\t\t\t<div class=\"elementor-element elementor-element-6925e27 elementor-widget elementor-widget-text-editor\" data-id=\"6925e27\" data-element_type=\"widget\" data-widget_type=\"text-editor.default\">\n\t\t\t\t<div class=\"elementor-widget-container\">\n\t\t\t\t\t\t\t\t\t<p><strong>Madame la Secr\u00e9taire G\u00e9n\u00e9rale de l\u2019Universit\u00e9 de Yaound\u00e9 I,<\/strong><\/p><p><strong>Monsieur \u00a0le Directeur de l\u2019Ecole Nationale Sup\u00e9rieure Polytechnique de Yaound\u00e9,<\/strong><\/p><p><strong>Monsieur le Repr\u00e9sentant personnel du Directeur G\u00e9n\u00e9ral de la SONARA,<\/strong><\/p><p><strong>Distingu\u00e9s invit\u00e9s en vos rangs,\u00a0 grades\u00a0 et titres respectifs,<\/strong><\/p><p><strong>Madame la pr\u00e9sidente de l\u2019 APECY, Chers parents,<\/strong><\/p><p><strong>Chers Coop\u00e9rateurs,<\/strong><\/p><p><strong>Tr\u00e8s chers \u00e9l\u00e8ves.<\/strong><\/p><p>Tout en souhaitant une chaleureuse bienvenue \u00e0 nos invit\u00e9s et aux parents, je voudrais m\u2019adresser particuli\u00e8rement \u00e0 vous chers \u00e9l\u00e8ves.\u00a0 En effet, c\u2019est pour vous que nous sommes ici ce matin, \u00a0\u00e0 l\u2019occasion de votre retour \u00e0 l\u2019\u00e9cole pour l\u2019ann\u00e9e scolaire 2021\u00a0\/ 2022.<\/p><p>Chacun de vous recevra un agenda ce matin. A la 3<sup>e<\/sup>\u00a0page de ce carnet de bord, je vous ai \u00e9crit un petit mot que je m\u2019en vais vous lire.<\/p><p>Cher(\u00e8re) \u00e9l\u00e8ve,<\/p><p>Au nom de tout le personnel du coll\u00e8ge Jean Tabi, je t\u2019accueille avec joie pour le compte de l\u2019ann\u00e9e scolaire 2021-2022. C\u2019est un privil\u00e8ge pour toi de faire partie de la famille jeantabienne et c\u2019est une gr\u00e2ce pour nous de t\u2019accompagner sur le chemin de ton plein accomplissement.<\/p><p>Ton inscription au coll\u00e8ge Jean Tabi cette ann\u00e9e fait de toi un membre \u00e0 part enti\u00e8re de cette famille qui promeut la pri\u00e8re, le travail et la discipline. Je t\u2019invite \u00e0 d\u00e9velopper le sens d\u2019appartenance \u00e0 ton coll\u00e8ge et \u00e0 t\u2019engager dans les activit\u00e9s scolaires et p\u00e9riscolaires afin de garantir ta r\u00e9ussite sur tous les plans de ta vie. Car ton coll\u00e8ge veut faire de toi un homme, une femme de valeur, de r\u00e9f\u00e9rence. Je te propose quelques moyens pour y arriver\u00a0:<\/p><ul><li>Sois fier d\u2019\u00eatre jeantabien<\/li><li>Entretiens\u00a0 de bonnes relations avec tous tes \u00e9ducateurs<\/li><li>Implique-toi activement dans les activit\u00e9s planifi\u00e9es<\/li><li>Prends soin du patrimoine mat\u00e9riel mis \u00e0 ta disposition<\/li><li>Mets en pratique toutes les dispositions du R\u00e8glement Int\u00e9rieur du coll\u00e8ge<\/li><li>Trouve du temps pour Dieu dans ta vie d\u2019\u00e9l\u00e8ve (messes, r\u00e9collections, mouvements\u2026)<\/li><li>N\u2019abandonne jamais devant une difficult\u00e9, un \u00e9chec<\/li><li>Identifie tes talents et mets-les au service de ton coll\u00e8ge<\/li><\/ul><p>J\u2019aimerais\u00a0 \u00e0 pr\u00e9sent\u00a0 f\u00e9liciter\u00a0 \u00a0nos amis de 6<sup>e<\/sup>\u00a0qui commencent leur aventure\u00a0 du secondaire en ce jour, dans ce\u00a0 mythique coll\u00e8ge. Sentez-vous accueillis chers enfants et n\u2019ayez pas peur. Vos a\u00een\u00e9s de terminale qui vous tenaient par la main tout \u00e0 l\u2019heure \u00e9taient comme vous il y a 6 ans. C\u2019est vous l\u2019avenir du coll\u00e8ge Jean Tabi. Mais alors pour m\u00e9riter le statut de jeantabien, il faut accepter d\u2019\u00eatre un enfant de Dieu en priant constamment. Aujourd\u2019hui, vos enseignants titulaires vont d\u00e9signer les responsables de pri\u00e8re dans chaque classe et chaque matin, avant le d\u00e9but des cours, vous devez respecter ce moment important de votre vie, de la vie de votre classe. Un jeantabien est un \u00e9l\u00e8ve travailleur et disciplin\u00e9. Si vous respectez ces trois grandes valeurs \u00a0\u00e0 savoir la pri\u00e8re, le travail et la discipline, votre parcours \u00e0 Jean Tabi se fera sans \u00a0difficult\u00e9s. Ceci concerne tout \u00e9l\u00e8ve nouvellement recrut\u00e9 ainsi que certains anciens qui pendant ces derni\u00e8res vacances ont peut-\u00eatre oubli\u00e9 qu\u2019ils \u00e9taient jeantabiens.<\/p><p>Aux \u00e9l\u00e8ves des classes d\u2019examen\u00a0 c\u2019est \u2013 \u00e0 \u2013 dire les 3<sup>e<\/sup>, les 1\u00e9res et les Tles, je rappelle que les promotions ant\u00e9rieures ont r\u00e9alis\u00e9\u00a0<strong>3 \u00a0100%.<\/strong>\u00a0Toutes nos f\u00e9licitations aux \u00e9l\u00e8ves de 2ndes qui ont fait 100 % \u00a0au BEPC et \u00e0 ceux de Tles qui ont r\u00e9alis\u00e9 le m\u00eame score au probatoire. Il est donc question pour chaque \u00e9l\u00e8ve des classes d\u2019examen de prendre conscience d\u00e8s aujourd\u2019hui qu\u2019il est d\u00e9positaire d\u2019un bel et lourd\u00a0\u00a0 h\u00e9ritage, et qu\u2019il est\u00a0 \u00a0responsable non seulement de sa propre r\u00e9ussite mais aussi de la pr\u00e9servation \u00a0du label jeantabien. Le temps n\u2019est donc plus \u00e0 l\u2019insouciance, \u00e0 la paresse, \u00e0 l\u2019indiscipline, aux vaines distractions, etc.<\/p><p>Chers \u00e9l\u00e8ves,<\/p><p>Cette nouvelle ann\u00e9e qui d\u00e9bute ce jour\u00a0\u00a0 a pour\u00a0 objectif de\u00a0: \u00ab\u00a0\u00a0<strong>Raviver notre<\/strong>\u00a0<strong>identit\u00e9 dans nos pratiques pour p\u00e9renniser la formation de qualit\u00e9 du<\/strong>\u00a0<strong>jeantabien<\/strong>\u00a0\u00bb. Il s\u2019agira de poser des gestes simples qui sauvent et prot\u00e8gent notre environnement. Par exemple\u00a0: ne pas toucher aux murs, \u00e9viter d\u2019\u00e9crire sur les tables-bancs, conserver le bien commun mis \u00e0 votre disposition (mat\u00e9riel de g\u00e9om\u00e9trie, de m\u00e9nage, de sport), \u00e9viter le gaspillage, mettre les ordures dans les poubelles appropri\u00e9es, respecter les p\u00e9riodes de calme, les lieux d\u2019aisance. Ces gestes \u00e9cologiques permettent de rendre l\u2019espace du coll\u00e8ge agr\u00e9able, surtout en cette ann\u00e9e o\u00f9 nous c\u00e9l\u00e9brons le dixi\u00e8me anniversaire de l\u2019\u00e9rection du coll\u00e8ge Jean Tabi en \u00e9tablissement \u00e0 option \u00e9cologique.<\/p>\t\t\t\t\t\t\t\t<\/div>\n\t\t\t\t<\/div>\n\t\t\t\t\t<\/div>\n\t\t\t\t<\/div>\n\t\t<div class=\"elementor-element elementor-element-de92f50 e-flex e-con-boxed e-con e-parent\" data-id=\"de92f50\" data-element_type=\"container\">\n\t\t\t\t\t<div class=\"e-con-inner\">\n\t\t<div class=\"elementor-element elementor-element-91f2ca7 e-con-full e-flex e-con e-child\" data-id=\"91f2ca7\" data-element_type=\"container\">\n\t\t\t\t<div class=\"elementor-element elementor-element-8b6ac33 elementor-widget elementor-widget-text-editor\" data-id=\"8b6ac33\" data-element_type=\"widget\" data-widget_type=\"text-editor.default\">\n\t\t\t\t<div class=\"elementor-widget-container\">\n\t\t\t\t\t\t\t\t\t<p>\u00a0Notre mission est de vous offrir une formation int\u00e9grale de qualit\u00e9 dans des locaux adapt\u00e9s et modernes. Gr\u00e2ce aux \u00e2mes de bonne volont\u00e9, nous avons pu construire un b\u00e2timent abritant deux salles d\u2019informatique \u00e9quip\u00e9es et connect\u00e9es\u00a0 qui seront inaugur\u00e9es dans quelques instants. Qu\u2019il me soit permis de remercier tous nos bienfaiteurs, toutes les personnes qui nous ont aid\u00e9 \u00e0 obtenir une subvention sp\u00e9ciale et celles qui ont\u00a0 donn\u00e9 l\u2019obole de la veuve, le maitre d\u2019\u0153uvre\u00a0 constitu\u00e9 de\u00a0 de\u00a0<strong>M Hermann KAMTE<\/strong>\u00a0Architecte et du Docteur\u00a0<strong>ATANGANA Tabi Alain Bernard<\/strong>\u00a0Ing\u00e9nieur de g\u00e9nie civil et\u00a0 le constructeur d\u2019ouvrage\u00a0<strong>les Etablissements KONO<\/strong>.\u00a0 Profonde gratitude au\u00a0<strong>Directeur G\u00e9n\u00e9ral<\/strong>\u00a0<strong>de la<\/strong>\u00a0<strong>CNPS<\/strong>, au\u00a0<strong>Directeur g\u00e9n\u00e9ral de la<\/strong>\u00a0<strong>SONARA<\/strong>\u00a0et au\u00a0<strong>Repr\u00e9sentant R\u00e9sident de<\/strong>\u00a0<strong>l\u2019IAI<\/strong>\u00a0Cameroun qui nous ont\u00a0 aid\u00e9s \u00e0 \u00e9quiper ces salles en ordinateurs, en onduleurs, en imprimantes.<\/p><p>Chers jeantabiens, \u00e0 travers cet investissement, nous voulons faire de vous des b\u00e2tisseurs d\u2019une soci\u00e9t\u00e9 o\u00f9 le num\u00e9rique facilite \u00a0l\u2019information inclusive. L\u2019acc\u00e8s aux TIC et l\u2019utilisation des nouvelles technologies rendent ais\u00e9e l\u2019acquisition et la diffusion du savoir. Je vous exhorte donc \u00e0 faire bon usage de tout ce mat\u00e9riel mis \u00e0 votre disposition.<\/p><p><strong>Bonne et heureuse ann\u00e9e scolaire 2022- 2023<\/strong><\/p>\t\t\t\t\t\t\t\t<\/div>\n\t\t\t\t<\/div>\n\t\t\t\t<\/div>\n\t\t<div class=\"elementor-element elementor-element-36f919e e-con-full e-flex e-con e-child\" data-id=\"36f919e\" data-element_type=\"container\">\n\t\t\t\t<div class=\"elementor-element elementor-element-d0ef91c elementor-widget elementor-widget-image\" data-id=\"d0ef91c\" data-element_type=\"widget\" data-widget_type=\"image.default\">\n\t\t\t\t<div class=\"elementor-widget-container\">\n\t\t\t\t\t\t\t\t\t\t\t\t\t\t\t<img fetchpriority=\"high\" decoding=\"async\" width=\"768\" height=\"509\" src=\"https:\/\/www.collegejeantabi.org\/wp-content\/uploads\/2025\/08\/8c47528e7aada529a9a886c1014e36f0-1-768x509-1.jpg\" class=\"attachment-large size-large wp-image-513\" alt=\"\" srcset=\"https:\/\/www.collegejeantabi.org\/wp-content\/uploads\/2025\/08\/8c47528e7aada529a9a886c1014e36f0-1-768x509-1.jpg 768w, https:\/\/www.collegejeantabi.org\/wp-content\/uploads\/2025\/08\/8c47528e7aada529a9a886c1014e36f0-1-768x509-1-300x199.jpg 300w, https:\/\/www.collegejeantabi.org\/wp-content\/uploads\/2025\/08\/8c47528e7aada529a9a886c1014e36f0-1-768x509-1-18x12.jpg 18w\" sizes=\"(max-width: 768px) 100vw, 768px\" \/>\t\t\t\t\t\t\t\t\t\t\t\t\t\t\t<\/div>\n\t\t\t\t<\/div>\n\t\t\t\t<div class=\"elementor-element elementor-element-511f9a4 elementor-widget elementor-widget-text-editor\" data-id=\"511f9a4\" data-element_type=\"widget\" data-widget_type=\"text-editor.default\">\n\t\t\t\t<div class=\"elementor-widget-container\">\n\t\t\t\t\t\t\t\t\t<p><strong>La S\u0153ur principale<\/strong><\/p><p><strong> Anastasie BEKONO sscm<\/strong><\/p>\t\t\t\t\t\t\t\t<\/div>\n\t\t\t\t<\/div>\n\t\t\t\t<\/div>\n\t\t\t\t\t<\/div>\n\t\t\t\t<\/div>\n\t\t<div class=\"elementor-element elementor-element-2cdddd1 e-flex e-con-boxed e-con e-parent\" data-id=\"2cdddd1\" data-element_type=\"container\" data-settings=\"{&quot;background_background&quot;:&quot;classic&quot;}\">\n\t\t\t\t\t<div class=\"e-con-inner\">\n\t\t<div class=\"elementor-element elementor-element-bd24ebc e-con-full e-flex elementor-invisible e-con e-child\" data-id=\"bd24ebc\" data-element_type=\"container\" data-settings=\"{&quot;animation&quot;:&quot;fadeInLeft&quot;}\">\n\t\t\t\t<div class=\"elementor-element elementor-element-fe8a14c elementor-widget elementor-widget-heading\" data-id=\"fe8a14c\" data-element_type=\"widget\" data-widget_type=\"heading.default\">\n\t\t\t\t<div class=\"elementor-widget-container\">\n\t\t\t\t\t<h2 class=\"elementor-heading-title elementor-size-default\">Inscrivez votre enfant au Coll\u00e8ge Jean TABI<\/h2>\t\t\t\t<\/div>\n\t\t\t\t<\/div>\n\t\t\t\t<div class=\"elementor-element elementor-element-5976d82 elementor-widget elementor-widget-text-editor\" data-id=\"5976d82\" data-element_type=\"widget\" data-widget_type=\"text-editor.default\">\n\t\t\t\t<div class=\"elementor-widget-container\">\n\t\t\t\t\t\t\t\t\t<p>Offrez \u00e0 votre enfant une scolarit\u00e9 de qualit\u00e9 alliant excellence acad\u00e9mique, discipline et valeurs chr\u00e9tiennes. L\u2019inscription se fait facilement en ligne via l\u2019Espace Parent.<\/p>\t\t\t\t\t\t\t\t<\/div>\n\t\t\t\t<\/div>\n\t\t\t\t<div class=\"elementor-element elementor-element-45f563a elementor-align-left elementor-widget elementor-widget-button\" data-id=\"45f563a\" data-element_type=\"widget\" data-widget_type=\"button.default\">\n\t\t\t\t<div class=\"elementor-widget-container\">\n\t\t\t\t\t\t\t\t\t<div class=\"elementor-button-wrapper\">\n\t\t\t\t\t<a class=\"elementor-button elementor-button-link elementor-size-sm broken_link\" href=\"https:\/\/akiliprisma.akili-systems.com\/coly\/espaceparents\/001\/\" target=\"_blank\" rel=\"noopener\">\n\t\t\t\t\t\t<span class=\"elementor-button-content-wrapper\">\n\t\t\t\t\t\t<span class=\"elementor-button-icon\">\n\t\t\t\t<svg aria-hidden=\"true\" class=\"e-font-icon-svg e-far-user-circle\" viewBox=\"0 0 496 512\" xmlns=\"http:\/\/www.w3.org\/2000\/svg\"><path d=\"M248 104c-53 0-96 43-96 96s43 96 96 96 96-43 96-96-43-96-96-96zm0 144c-26.5 0-48-21.5-48-48s21.5-48 48-48 48 21.5 48 48-21.5 48-48 48zm0-240C111 8 0 119 0 256s111 248 248 248 248-111 248-248S385 8 248 8zm0 448c-49.7 0-95.1-18.3-130.1-48.4 14.9-23 40.4-38.6 69.6-39.5 20.8 6.4 40.6 9.6 60.5 9.6s39.7-3.1 60.5-9.6c29.2 1 54.7 16.5 69.6 39.5-35 30.1-80.4 48.4-130.1 48.4zm162.7-84.1c-24.4-31.4-62.1-51.9-105.1-51.9-10.2 0-26 9.6-57.6 9.6-31.5 0-47.4-9.6-57.6-9.6-42.9 0-80.6 20.5-105.1 51.9C61.9 339.2 48 299.2 48 256c0-110.3 89.7-200 200-200s200 89.7 200 200c0 43.2-13.9 83.2-37.3 115.9z\"><\/path><\/svg>\t\t\t<\/span>\n\t\t\t\t\t\t\t\t\t<span class=\"elementor-button-text\">Coectez-vous mainntenant<\/span>\n\t\t\t\t\t<\/span>\n\t\t\t\t\t<\/a>\n\t\t\t\t<\/div>\n\t\t\t\t\t\t\t\t<\/div>\n\t\t\t\t<\/div>\n\t\t\t\t<\/div>\n\t\t\t\t\t<\/div>\n\t\t\t\t<\/div>\n\t\t\t\t<\/div>\n\t\t","protected":false},"excerpt":{"rendered":"<p>Mot de la S\u0153ur Principale D\u00e9couvrez le discours de bienvenue de la S\u0153ur Principale du Coll\u00e8ge Jean TABI \u00e0 Yaound\u00e9, un message inspirant alliant pri\u00e8re, discipline, excellence scolaire et valeurs \u00e9cologiques. Le coll\u00e8ge Madame la Secr\u00e9taire G\u00e9n\u00e9rale de l\u2019Universit\u00e9 de Yaound\u00e9 I, Monsieur \u00a0le Directeur de l\u2019Ecole Nationale Sup\u00e9rieure Polytechnique de Yaound\u00e9, Monsieur le Repr\u00e9sentant [&hellip;]<\/p>\n","protected":false},"author":1,"featured_media":0,"parent":0,"menu_order":0,"comment_status":"closed","ping_status":"open","template":"","meta":{"rank_math_robots":"","footnotes":""},"class_list":["post-195","page","type-page","status-publish","hentry"],"_links":{"self":[{"href":"https:\/\/www.collegejeantabi.org\/fr_fr\/wp-json\/wp\/v2\/pages\/195","targetHints":{"allow":["GET"]}}],"collection":[{"href":"https:\/\/www.collegejeantabi.org\/fr_fr\/wp-json\/wp\/v2\/pages"}],"about":[{"href":"https:\/\/www.collegejeantabi.org\/fr_fr\/wp-json\/wp\/v2\/types\/page"}],"author":[{"embeddable":true,"href":"https:\/\/www.collegejeantabi.org\/fr_fr\/wp-json\/wp\/v2\/users\/1"}],"replies":[{"embeddable":true,"href":"https:\/\/www.collegejeantabi.org\/fr_fr\/wp-json\/wp\/v2\/comments?post=195"}],"version-history":[{"count":22,"href":"https:\/\/www.collegejeantabi.org\/fr_fr\/wp-json\/wp\/v2\/pages\/195\/revisions"}],"predecessor-version":[{"id":545,"href":"https:\/\/www.collegejeantabi.org\/fr_fr\/wp-json\/wp\/v2\/pages\/195\/revisions\/545"}],"wp:attachment":[{"href":"https:\/\/www.collegejeantabi.org\/fr_fr\/wp-json\/wp\/v2\/media?parent=195"}],"curies":[{"name":"wp","href":"https:\/\/api.w.org\/{rel}","templated":true}]}}